{"id":564,"date":"2018-02-26T15:02:29","date_gmt":"2018-02-26T14:02:29","guid":{"rendered":"https:\/\/citykamp.com\/campingparis\/es\/emplacements\/"},"modified":"2026-04-22T11:27:05","modified_gmt":"2026-04-22T09:27:05","slug":"parcelas","status":"publish","type":"page","link":"https:\/\/www.campingparis.fr\/es\/parcelas\/","title":{"rendered":"Parcelas"},"content":{"rendered":"<div class=\"wpb-content-wrapper\"><p>[vc_row][vc_column][vc_single_image image=\u00bb7349&#8243; img_size=\u00bb1900&#215;500&#8243; alignment=\u00bbcenter\u00bb][\/vc_column][\/vc_row][vc_row][vc_column]<div class=\"wrappedcontent\">[vc_column_text]<\/p>\n<h2 style=\"text-align: center;\">PARCELAS DE CAMPING EN PAR\u00cdS<\/h2>\n<p style=\"text-align: center;\">\u00bfVas a visitar la capital y deseas alojarte en un camping? El Camping de Paris dispone de numeras parcelas para campistas.<\/p>\n<p style=\"text-align: center;\">Ya vengas con tu propia tienda, tu caravana o autocaravana, este CityKamp ofrece, durante todo el a\u00f1o, parcelas sombreadas, llanas, frondosas, arboladas y de f\u00e1cil acceso para una estancia cerca de la naturaleza<\/p>\n<p>[\/vc_column_text][vc_empty_space][vc_row_inner gap=\u00bb30&#8243; css=\u00bb.vc_custom_1695982723442{margin-left: -0.5px !important;}\u00bb][vc_column_inner width=\u00bb1\/3&#8243;][vc_single_image image=\u00bb7081&#8243; img_size=\u00bb600*500&#8243; alignment=\u00bbcenter\u00bb][\/vc_column_inner][vc_column_inner width=\u00bb1\/3&#8243;][vc_single_image image=\u00bb7087&#8243; img_size=\u00bb600*500&#8243; alignment=\u00bbcenter\u00bb][\/vc_column_inner][vc_column_inner width=\u00bb1\/3&#8243;][vc_single_image image=\u00bb7093&#8243; img_size=\u00bb600*500&#8243; alignment=\u00bbcenter\u00bb][\/vc_column_inner][\/vc_row_inner][vc_empty_space][vc_row_inner gap=\u00bb30&#8243; css=\u00bb.vc_custom_1695982731280{margin-left: -0.5px !important;}\u00bb][vc_column_inner width=\u00bb1\/6&#8243;][\/vc_column_inner][vc_column_inner width=\u00bb2\/6&#8243;][vc_single_image image=\u00bb7099&#8243; img_size=\u00bb600*500&#8243; alignment=\u00bbcenter\u00bb][\/vc_column_inner][vc_column_inner width=\u00bb2\/6&#8243;][vc_single_image image=\u00bb7105&#8243; img_size=\u00bb600*500&#8243; alignment=\u00bbcenter\u00bb][\/vc_column_inner][vc_column_inner width=\u00bb1\/6&#8243;][\/vc_column_inner][\/vc_row_inner][vc_empty_space][vc_column_text css=\u00bb\u00bb]<\/p>\n<p style=\"text-align: center;\">Se han previsto unas treinta parcelas \u201cpeatonales\u201d para los campistas que lleguen sin veh\u00edculo. No se permitir\u00e1 el acceso de coches ni dentro del camping ni en el aparcamiento frente al mismo, ni siquiera para descargar.<br \/>\n<strong>Areas de limpieza<\/strong> y vaciado est\u00e1n disponibles para los autocaravanas.<br \/>\nLas parcelas con toma de corriente requieren un adaptador<strong> CEE (enchufe azul). La opci\u00f3n de electricidad est\u00e1 disponible con suplemento.<\/strong><\/p>\n<p>[\/vc_column_text][vc_empty_space][vc_column_text]<\/p>\n<p style=\"text-align: center;\"><i class=\"fa fa-wheelchair\"><\/i><em><span style=\"font-size: 10pt;\">El camping es accessible para las personas con movilidad reducida.<\/span><\/em><\/p>\n<p>[\/vc_column_text]<div class=\"text-center btnwrap\"><a class=\"btn btn-huttopia-cta\" href=\"http:\/\/checkout.citykamp.com\/site\/es\/890\" role=\"button\" target=\"\" onclick=\"dataLayer.push({'event':'clickCity', 'clickText':'RESERVA TU ESTANCIA'})\">RESERVA TU ESTANCIA<\/a><\/div>[vc_empty_space][vc_row_inner gap=\u00bb30&#8243; css=\u00bb.vc_custom_1695982830135{margin-left: -0.5px !important;background-color: rgba(232,78,27,0.2) !important;*background-color: rgb(232,78,27) !important;}\u00bb][vc_column_inner width=\u00bb1\/3&#8243;][vc_single_image image=\u00bb6134&#8243; img_size=\u00bb600*400&#8243; css=\u00bb.vc_custom_1666858428526{padding-top: 10px !important;padding-right: 10px !important;padding-bottom: 10px !important;padding-left: 10px !important;}\u00bb][\/vc_column_inner][vc_column_inner width=\u00bb2\/3&#8243;][vc_column_text css=\u00bb.vc_custom_1696260649403{padding-top: 10px !important;padding-right: 10px !important;padding-bottom: 10px !important;padding-left: 10px !important;}\u00bb]\u00bfTe gustar\u00eda recorrer La <strong>V\u00e9losc\u00e9nie<\/strong>, la famosa ruta en bici que une Par\u00eds con el Monte Saint-Michel?<br \/>\nNuestras parcelas sin electricidad adaptadas a partir de una persona son perfectas para una parada r\u00e1pida, tanto para senderistas como para ciclistas de paso.<\/p>\n<p>Informaci\u00f3n \u00fatil: Los veh\u00edculos no est\u00e1n autorizados en estas parcelas.<\/p>\n<p><em>Solo se puede reservar por tel\u00e9fono.<\/em>[\/vc_column_text][\/vc_column_inner][\/vc_row_inner][vc_empty_space][vc_row_inner equal_height=\u00bbyes\u00bb gap=\u00bb30&#8243; css=\u00bb.vc_custom_1696238973412{margin-left: -0.5px !important;}\u00bb][vc_column_inner width=\u00bb1\/3&#8243;][vc_single_image image=\u00bb6514&#8243; img_size=\u00bb600*500&#8243; alignment=\u00bbcenter\u00bb][\/vc_column_inner][vc_column_inner width=\u00bb2\/3&#8243;][vc_column_text]<\/p>\n<h3><strong><span style=\"color: #e94e1b;\">CAMPING CARD<\/span><\/strong><\/h3>\n<p><span style=\"font-size: 12pt;\">Acampa a partir de <span style=\"color: #e84e1b;\"><strong>15\u20ac<\/strong><\/span>* la noche con la <span style=\"color: #e94e1b;\"><a style=\"color: #e94e1b;\" href=\"https:\/\/www.citykamp.com\/es\/camping-card\/\"><span style=\"text-decoration: underline;\">Camping Card<\/span><\/a><\/span>\u00a0Huttopia.<\/span><br \/>\n<span style=\"font-size: 12pt;\">Benef\u00edciate de precios reducidos y noches gratuitas durante temporada alta y baja, en todos los campings <span style=\"text-decoration: underline;\"><span style=\"color: #e94e1b;\"><a style=\"color: #e94e1b; text-decoration: underline;\" href=\"https:\/\/www.citykamp.com\/es\/destinos\/\">Citykamp<\/a><\/span>,<\/span> <span style=\"text-decoration: underline; color: #e94e1b;\"><a style=\"color: #e94e1b; text-decoration: underline;\" href=\"https:\/\/www.onlycamp.fr\/en\/\">Onlycamp<\/a><\/span> y todos los <span style=\"text-decoration: underline; color: #e94e1b;\"><a style=\"color: #e94e1b; text-decoration: underline;\" href=\"https:\/\/europe.huttopia.com\/es\/destinations\/campings\/\">campings Huttopia<\/a><\/span>.<\/span><\/p>\n<p><em><span style=\"font-size: 10pt;\">*Tarifa que incluye 1 parcela para 2 personas con electricidad (+ animal de compa\u00f1\u00eda gratis).<\/span><\/em>[\/vc_column_text]<div class=\" btnwrap\"><a class=\"btn btn-huttopia-cta\" href=\"https:\/\/www.citykamp.com\/es\/camping-card\/\" role=\"button\" target=\"true\" onclick=\"dataLayer.push({'event':'clickCity', 'clickText':'SABER M\u00c1S'})\">SABER M\u00c1S<\/a><\/div>[\/vc_column_inner][\/vc_row_inner]<\/div>[\/vc_column][\/vc_row][vc_row css=\u00bb.vc_custom_1695982890672{background-color: rgba(232,78,27,0.2) !important;*background-color: rgb(232,78,27) !important;}\u00bb][vc_column]<div class=\"wrappedcontent\">[vc_column_text]<\/p>\n<h3 style=\"text-align: center;\"><strong>LOS SANITARIOS<\/strong><\/h3>\n<p>[\/vc_column_text][vc_empty_space][vc_row_inner gap=\u00bb30&#8243;][vc_column_inner width=\u00bb1\/6&#8243;][\/vc_column_inner][vc_column_inner width=\u00bb2\/6&#8243;][vc_single_image image=\u00bb7112&#8243; img_size=\u00bb600*500&#8243; alignment=\u00bbcenter\u00bb][\/vc_column_inner][vc_column_inner width=\u00bb2\/6&#8243;][vc_single_image image=\u00bb7118&#8243; img_size=\u00bb600*500&#8243; alignment=\u00bbcenter\u00bb][\/vc_column_inner][vc_column_inner width=\u00bb1\/6&#8243;][\/vc_column_inner][\/vc_row_inner][vc_empty_space][vc_column_text]<\/p>\n<p style=\"text-align: center;\">El Camping de Paris dispone de tres bloques sanitarios totalmente reformados para hacer tu estancia m\u00e1s agradable en cualquier estaci\u00f3n. Disfruta de unas instalaciones sanitarias con un dise\u00f1o innovador, ventiladas y luminosas. Disfrutar\u00e1s durante todo el a\u00f1o del calor de la estufa de le\u00f1a y de un equipamiento pr\u00e1ctico!<\/p>\n<p style=\"text-align: center;\">C\u00f3modas y climatizadas, utilizables durante todo el a\u00f1o. Las nuevas instalaciones sanitarias disponen de zonas para beb\u00e9, ba\u00f1os familiares, cabinas de ducha funcionales, aseos adaptados para ni\u00f1os, secador\u2026 Una zona reservada para personas con movilidad reducida.c<\/p>\n<p>[\/vc_column_text]<\/div>[\/vc_column][\/vc_row][vc_row][vc_column]<div class=\"wrappedcontent\">[vc_column_text]<\/p>\n<h3 style=\"text-align: center;\"><strong>LOS SERVICIOS PARA CAMPISTAS<\/strong><\/h3>\n<p>[\/vc_column_text][vc_empty_space][vc_column_text]El Camping de Paris pone a tu disposici\u00f3n <a href=\"https:\/\/www.campingparis.fr\/es\/activites-services\/\">servicios<\/a> orientados a los campistas para una estancia 100 % pr\u00e1ctica:<br \/>\n&#8211; El alquiler de barbacoas (previa reserva y sujeto a disponibilidad)<br \/>\n&#8211; Pan reci\u00e9n hecho y boller\u00eda todas las ma\u00f1anas (por encargo)<br \/>\n&#8211; El rinc\u00f3n campero cerca de la tienda de ultramarinos para sacarte de un apuro en caso de olvido<br \/>\n&#8211; \u00c1rea de servicio para autocaravanistas[\/vc_column_text][vc_empty_space height=\u00bb50px\u00bb][vc_row_inner equal_height=\u00bbyes\u00bb gap=\u00bb15&#8243; css=\u00bb.vc_custom_1526368213409{margin-left: -0.5px !important;}\u00bb][vc_column_inner width=\u00bb1\/3&#8243; css=\u00bb.vc_custom_1696235509584{background-color: rgba(232,78,27,0.2) !important;*background-color: rgb(232,78,27) !important;}\u00bb][vc_single_image image=\u00bb7132&#8243; img_size=\u00bb71*71&#8243; alignment=\u00bbcenter\u00bb onclick=\u00bbcustom_link\u00bb link=\u00bbhttps:\/\/media.huttopia.com\/destinations\/paris\/plan-camping-citykamp-paris.pdf\u00bb][vc_column_text css=\u00bb.vc_custom_1696260922087{padding-top: 25px !important;padding-right: 15px !important;padding-bottom: 15px !important;padding-left: 15px !important;}\u00bb]<\/p>\n<p style=\"text-align: center;\"><a href=\"https:\/\/media.huttopia.com\/destinations\/paris\/plan-camping-citykamp-paris.pdf\" target=\"_blank\" rel=\"noopener noreferrer\"><strong>PLANO DEL CAMPING<\/strong><\/a><\/p>\n<p>[\/vc_column_text][\/vc_column_inner][vc_column_inner width=\u00bb1\/3&#8243; css=\u00bb.vc_custom_1696235522593{background-color: rgba(232,78,27,0.2) !important;*background-color: rgb(232,78,27) !important;}\u00bb][vc_single_image image=\u00bb7138&#8243; img_size=\u00bb71*71&#8243; alignment=\u00bbcenter\u00bb onclick=\u00bbcustom_link\u00bb link=\u00bbhttp:\/\/checkout.citykamp.com\/site\/es\/890&#8243;][vc_column_text css=\u00bb.vc_custom_1696260939414{padding-top: 25px !important;padding-right: 15px !important;padding-bottom: 15px !important;padding-left: 15px !important;}\u00bb]<\/p>\n<p style=\"text-align: center;\"><a href=\"http:\/\/checkout.citykamp.com\/site\/es\/890\" target=\"_blank\" rel=\"noopener noreferrer\"><strong>RESERVA TU ESTANCIA<\/strong><\/a><\/p>\n<p>[\/vc_column_text][\/vc_column_inner][vc_column_inner width=\u00bb1\/3&#8243; css=\u00bb.vc_custom_1696235534120{background-color: rgba(232,78,27,0.2) !important;*background-color: rgb(232,78,27) !important;}\u00bb][vc_single_image image=\u00bb7144&#8243; img_size=\u00bb71*71&#8243; alignment=\u00bbcenter\u00bb onclick=\u00bbcustom_link\u00bb link=\u00bbhttps:\/\/goo.gl\/maps\/p33hs3bWVkQ2&#8243;][vc_column_text css=\u00bb.vc_custom_1696260960521{padding-top: 25px !important;padding-right: 15px !important;padding-bottom: 15px !important;padding-left: 15px !important;}\u00bb]<\/p>\n<p style=\"text-align: center;\"><a href=\"https:\/\/goo.gl\/maps\/p33hs3bWVkQ2\" target=\"_blank\" rel=\"noopener noreferrer\"><strong>RUTA<\/strong><\/a><\/p>\n<p>[\/vc_column_text][\/vc_column_inner][\/vc_row_inner]<\/div>[\/vc_column][\/vc_row][vc_row css=\u00bb.vc_custom_1696238508441{background-color: rgba(232,78,27,0.2) !important;*background-color: rgb(232,78,27) !important;}\u00bb][vc_column]<div class=\"wrappedcontent\">[vc_column_text]<\/p>\n<h3 style=\"text-align: center;\"><strong>GALER\u00cdA DE FOTOS<\/strong><\/h3>\n<p>[\/vc_column_text][vc_empty_space height=\u00bb18px\u00bb][vc_masonry_media_grid style=\u00bbload-more\u00bb items_per_page=\u00bb4&#8243; element_width=\u00bb3&#8243; gap=\u00bb10&#8243; item=\u00bb1053&#8243; btn_title=\u00bbVER M\u00c1S\u00bb btn_style=\u00bbcustom\u00bb btn_custom_background=\u00bb#e84e1b\u00bb btn_custom_text=\u00bb#ffffff\u00bb btn_shape=\u00bbsquare\u00bb btn_i_icon_fontawesome=\u00bbfas fa-angle-down\u00bb btn_add_icon=\u00bbtrue\u00bb grid_id=\u00bbvc_gid:1776850016223-e3a55f80-9f6e-6&#8243; include=\u00bb7193,7187,7175,7151,2850,2880,2855,2870,2885,2875,2865,2860,4683,4689,4695,4701,7157,7163,7169,7181&#8243;]<\/div>[\/vc_column][\/vc_row][vc_row][vc_column]<div class=\"wrappedcontent\">[vc_row_inner css=\u00bb.vc_custom_1521459308342{margin-top: -30px !important;margin-bottom: -30px !important;}\u00bb][vc_column_inner width=\u00bb1\/6&#8243;][vc_single_image image=\u00bb7199&#8243; img_size=\u00bb71*71&#8243; alignment=\u00bbcenter\u00bb][vc_column_text]<\/p>\n<p style=\"text-align: center;\"><span style=\"color: #000000;\">Parking gratuito<\/span><\/p>\n<p>[\/vc_column_text][\/vc_column_inner][vc_column_inner width=\u00bb1\/6&#8243;][vc_single_image image=\u00bb7205&#8243; img_size=\u00bb71*71&#8243; alignment=\u00bbcenter\u00bb][vc_column_text]<\/p>\n<p style=\"text-align: center;\"><span style=\"color: #000000;\">Wifi gratuito<\/span><\/p>\n<p>[\/vc_column_text][\/vc_column_inner][vc_column_inner width=\u00bb1\/6&#8243;][vc_single_image image=\u00bb6788&#8243; img_size=\u00bb71*71&#8243; alignment=\u00bbcenter\u00bb][vc_column_text]<\/p>\n<p style=\"text-align: center;\">Recepci\u00f3n de lunes a domingo<\/p>\n<p>[\/vc_column_text][\/vc_column_inner][vc_column_inner width=\u00bb1\/6&#8243;][vc_single_image image=\u00bb6794&#8243; img_size=\u00bb71*71&#8243; alignment=\u00bbcenter\u00bb][vc_column_text]<\/p>\n<p style=\"text-align: center;\"><span style=\"color: #000000;\">Multilingue<\/span><\/p>\n<p>[\/vc_column_text][\/vc_column_inner][vc_column_inner width=\u00bb1\/6&#8243;][vc_single_image image=\u00bb6800&#8243; img_size=\u00bb71*71&#8243; alignment=\u00bbcenter\u00bb][vc_column_text]<\/p>\n<p style=\"text-align: center;\">Paquete hotelero<\/p>\n<p>[\/vc_column_text][\/vc_column_inner][vc_column_inner width=\u00bb1\/6&#8243;][vc_single_image image=\u00bb6806&#8243; img_size=\u00bb71*71&#8243; alignment=\u00bbcenter\u00bb][vc_column_text]<\/p>\n<p style=\"text-align: center;\">Pago seguro<\/p>\n<p>[\/vc_column_text][\/vc_column_inner][\/vc_row_inner]<\/div>[\/vc_column][\/vc_row]<\/p>\n<\/div>","protected":false},"excerpt":{"rendered":"<p>[vc_row][vc_column][vc_single_image image=\u00bb7349&#8243; img_size=\u00bb1900&#215;500&#8243; alignment=\u00bbcenter\u00bb][\/vc_column][\/vc_row][vc_row][vc_column][\/vc_column][\/vc_row][vc_row css=\u00bb.vc_custom_1695982890672{background-color: rgba(232,78,27,0.2) !important;*background-color: rgb(232,78,27) !important;}\u00bb][vc_column][\/vc_column][\/vc_row][vc_row][vc_column][\/vc_column][\/vc_row][vc_row css=\u00bb.vc_custom_1696238508441{background-color: rgba(232,78,27,0.2) !important;*background-color: rgb(232,78,27) !important;}\u00bb][vc_column][\/vc_column][\/vc_row][vc_row][vc_column][\/vc_column][\/vc_row]<\/p>\n","protected":false},"author":1,"featured_media":7187,"parent":0,"menu_order":0,"comment_status":"closed","ping_status":"closed","template":"","meta":{"footnotes":""},"class_list":["post-564","page","type-page","status-publish","has-post-thumbnail","hentry"],"yoast_head":"<!-- This site is optimized with the Yoast SEO plugin v25.6 - https:\/\/yoast.com\/wordpress\/plugins\/seo\/ -->\n<title>Parcelas de camping en Par\u00eds \u2013 Camping de Paris<\/title>\n<meta name=\"description\" content=\"Instala tu tienda, caravana o autocaravana en parcelas sombreadas en pleno Par\u00eds. Llega f\u00e1cilmente al centro desde el camping y disfruta de numerosos servicios disponibles para facilitar tu estancia.\" \/>\n<meta name=\"robots\" content=\"index, follow, max-snippet:-1, max-image-preview:large, max-video-preview:-1\" \/>\n<link rel=\"canonical\" href=\"https:\/\/www.campingparis.fr\/es\/parcelas\/\" \/>\n<meta property=\"og:locale\" content=\"es_ES\" \/>\n<meta property=\"og:type\" content=\"article\" \/>\n<meta property=\"og:title\" content=\"Parcelas de camping en Par\u00eds \u2013 Camping de Paris\" \/>\n<meta property=\"og:description\" content=\"Instala tu tienda, caravana o autocaravana en parcelas sombreadas en pleno Par\u00eds. Llega f\u00e1cilmente al centro desde el camping y disfruta de numerosos servicios disponibles para facilitar tu estancia.\" \/>\n<meta property=\"og:url\" content=\"https:\/\/www.campingparis.fr\/es\/parcelas\/\" \/>\n<meta property=\"og:site_name\" content=\"Camping de Paris\" \/>\n<meta property=\"article:modified_time\" content=\"2026-04-22T09:27:05+00:00\" \/>\n<meta property=\"og:image\" content=\"https:\/\/www.campingparis.fr\/uploads\/sites\/11\/2023\/10\/citykamp-paris-emplacements-galerie-7.jpeg\" \/>\n\t<meta property=\"og:image:width\" content=\"1000\" \/>\n\t<meta property=\"og:image:height\" content=\"667\" \/>\n\t<meta property=\"og:image:type\" content=\"image\/jpeg\" \/>\n<meta name=\"twitter:card\" content=\"summary_large_image\" \/>\n<meta name=\"twitter:label1\" content=\"Est. reading time\" \/>\n\t<meta name=\"twitter:data1\" content=\"4 minutos\" \/>\n<script type=\"application\/ld+json\" class=\"yoast-schema-graph\">{\"@context\":\"https:\/\/schema.org\",\"@graph\":[{\"@type\":\"WebPage\",\"@id\":\"https:\/\/www.campingparis.fr\/es\/parcelas\/\",\"url\":\"https:\/\/www.campingparis.fr\/es\/parcelas\/\",\"name\":\"Parcelas de camping en Par\u00eds \u2013 Camping de Paris\",\"isPartOf\":{\"@id\":\"https:\/\/www.campingparis.fr\/es\/#website\"},\"primaryImageOfPage\":{\"@id\":\"https:\/\/www.campingparis.fr\/es\/parcelas\/#primaryimage\"},\"image\":{\"@id\":\"https:\/\/www.campingparis.fr\/es\/parcelas\/#primaryimage\"},\"thumbnailUrl\":\"https:\/\/www.campingparis.fr\/uploads\/sites\/11\/2023\/10\/citykamp-paris-emplacements-galerie-7.jpeg\",\"datePublished\":\"2018-02-26T14:02:29+00:00\",\"dateModified\":\"2026-04-22T09:27:05+00:00\",\"description\":\"Instala tu tienda, caravana o autocaravana en parcelas sombreadas en pleno Par\u00eds. Llega f\u00e1cilmente al centro desde el camping y disfruta de numerosos servicios disponibles para facilitar tu estancia.\",\"breadcrumb\":{\"@id\":\"https:\/\/www.campingparis.fr\/es\/parcelas\/#breadcrumb\"},\"inLanguage\":\"es\",\"potentialAction\":[{\"@type\":\"ReadAction\",\"target\":[\"https:\/\/www.campingparis.fr\/es\/parcelas\/\"]}]},{\"@type\":\"ImageObject\",\"inLanguage\":\"es\",\"@id\":\"https:\/\/www.campingparis.fr\/es\/parcelas\/#primaryimage\",\"url\":\"https:\/\/www.campingparis.fr\/uploads\/sites\/11\/2023\/10\/citykamp-paris-emplacements-galerie-7.jpeg\",\"contentUrl\":\"https:\/\/www.campingparis.fr\/uploads\/sites\/11\/2023\/10\/citykamp-paris-emplacements-galerie-7.jpeg\",\"width\":1000,\"height\":667},{\"@type\":\"BreadcrumbList\",\"@id\":\"https:\/\/www.campingparis.fr\/es\/parcelas\/#breadcrumb\",\"itemListElement\":[{\"@type\":\"ListItem\",\"position\":1,\"name\":\"Accueil\",\"item\":\"https:\/\/www.campingparis.fr\/es\/\"},{\"@type\":\"ListItem\",\"position\":2,\"name\":\"Parcelas\"}]},{\"@type\":\"WebSite\",\"@id\":\"https:\/\/www.campingparis.fr\/es\/#website\",\"url\":\"https:\/\/www.campingparis.fr\/es\/\",\"name\":\"Camping de Paris\",\"description\":\"Un site utilisant Citykamp\",\"potentialAction\":[{\"@type\":\"SearchAction\",\"target\":{\"@type\":\"EntryPoint\",\"urlTemplate\":\"https:\/\/www.campingparis.fr\/es\/?s={search_term_string}\"},\"query-input\":{\"@type\":\"PropertyValueSpecification\",\"valueRequired\":true,\"valueName\":\"search_term_string\"}}],\"inLanguage\":\"es\"}]}<\/script>\n<!-- \/ Yoast SEO plugin. -->","yoast_head_json":{"title":"Parcelas de camping en Par\u00eds \u2013 Camping de Paris","description":"Instala tu tienda, caravana o autocaravana en parcelas sombreadas en pleno Par\u00eds. Llega f\u00e1cilmente al centro desde el camping y disfruta de numerosos servicios disponibles para facilitar tu estancia.","robots":{"index":"index","follow":"follow","max-snippet":"max-snippet:-1","max-image-preview":"max-image-preview:large","max-video-preview":"max-video-preview:-1"},"canonical":"https:\/\/www.campingparis.fr\/es\/parcelas\/","og_locale":"es_ES","og_type":"article","og_title":"Parcelas de camping en Par\u00eds \u2013 Camping de Paris","og_description":"Instala tu tienda, caravana o autocaravana en parcelas sombreadas en pleno Par\u00eds. Llega f\u00e1cilmente al centro desde el camping y disfruta de numerosos servicios disponibles para facilitar tu estancia.","og_url":"https:\/\/www.campingparis.fr\/es\/parcelas\/","og_site_name":"Camping de Paris","article_modified_time":"2026-04-22T09:27:05+00:00","og_image":[{"width":1000,"height":667,"url":"https:\/\/www.campingparis.fr\/uploads\/sites\/11\/2023\/10\/citykamp-paris-emplacements-galerie-7.jpeg","type":"image\/jpeg"}],"twitter_card":"summary_large_image","twitter_misc":{"Est. reading time":"4 minutos"},"schema":{"@context":"https:\/\/schema.org","@graph":[{"@type":"WebPage","@id":"https:\/\/www.campingparis.fr\/es\/parcelas\/","url":"https:\/\/www.campingparis.fr\/es\/parcelas\/","name":"Parcelas de camping en Par\u00eds \u2013 Camping de Paris","isPartOf":{"@id":"https:\/\/www.campingparis.fr\/es\/#website"},"primaryImageOfPage":{"@id":"https:\/\/www.campingparis.fr\/es\/parcelas\/#primaryimage"},"image":{"@id":"https:\/\/www.campingparis.fr\/es\/parcelas\/#primaryimage"},"thumbnailUrl":"https:\/\/www.campingparis.fr\/uploads\/sites\/11\/2023\/10\/citykamp-paris-emplacements-galerie-7.jpeg","datePublished":"2018-02-26T14:02:29+00:00","dateModified":"2026-04-22T09:27:05+00:00","description":"Instala tu tienda, caravana o autocaravana en parcelas sombreadas en pleno Par\u00eds. Llega f\u00e1cilmente al centro desde el camping y disfruta de numerosos servicios disponibles para facilitar tu estancia.","breadcrumb":{"@id":"https:\/\/www.campingparis.fr\/es\/parcelas\/#breadcrumb"},"inLanguage":"es","potentialAction":[{"@type":"ReadAction","target":["https:\/\/www.campingparis.fr\/es\/parcelas\/"]}]},{"@type":"ImageObject","inLanguage":"es","@id":"https:\/\/www.campingparis.fr\/es\/parcelas\/#primaryimage","url":"https:\/\/www.campingparis.fr\/uploads\/sites\/11\/2023\/10\/citykamp-paris-emplacements-galerie-7.jpeg","contentUrl":"https:\/\/www.campingparis.fr\/uploads\/sites\/11\/2023\/10\/citykamp-paris-emplacements-galerie-7.jpeg","width":1000,"height":667},{"@type":"BreadcrumbList","@id":"https:\/\/www.campingparis.fr\/es\/parcelas\/#breadcrumb","itemListElement":[{"@type":"ListItem","position":1,"name":"Accueil","item":"https:\/\/www.campingparis.fr\/es\/"},{"@type":"ListItem","position":2,"name":"Parcelas"}]},{"@type":"WebSite","@id":"https:\/\/www.campingparis.fr\/es\/#website","url":"https:\/\/www.campingparis.fr\/es\/","name":"Camping de Paris","description":"Un site utilisant Citykamp","potentialAction":[{"@type":"SearchAction","target":{"@type":"EntryPoint","urlTemplate":"https:\/\/www.campingparis.fr\/es\/?s={search_term_string}"},"query-input":{"@type":"PropertyValueSpecification","valueRequired":true,"valueName":"search_term_string"}}],"inLanguage":"es"}]}},"_links":{"self":[{"href":"https:\/\/www.campingparis.fr\/es\/wp-json\/wp\/v2\/pages\/564","targetHints":{"allow":["GET"]}}],"collection":[{"href":"https:\/\/www.campingparis.fr\/es\/wp-json\/wp\/v2\/pages"}],"about":[{"href":"https:\/\/www.campingparis.fr\/es\/wp-json\/wp\/v2\/types\/page"}],"author":[{"embeddable":true,"href":"https:\/\/www.campingparis.fr\/es\/wp-json\/wp\/v2\/users\/1"}],"replies":[{"embeddable":true,"href":"https:\/\/www.campingparis.fr\/es\/wp-json\/wp\/v2\/comments?post=564"}],"version-history":[{"count":6,"href":"https:\/\/www.campingparis.fr\/es\/wp-json\/wp\/v2\/pages\/564\/revisions"}],"predecessor-version":[{"id":8567,"href":"https:\/\/www.campingparis.fr\/es\/wp-json\/wp\/v2\/pages\/564\/revisions\/8567"}],"wp:featuredmedia":[{"embeddable":true,"href":"https:\/\/www.campingparis.fr\/es\/wp-json\/wp\/v2\/media\/7187"}],"wp:attachment":[{"href":"https:\/\/www.campingparis.fr\/es\/wp-json\/wp\/v2\/media?parent=564"}],"curies":[{"name":"wp","href":"https:\/\/api.w.org\/{rel}","templated":true}]}}