{"id":5730,"date":"2022-02-08T11:44:50","date_gmt":"2022-02-08T10:44:50","guid":{"rendered":"https:\/\/www.campingparis.fr\/?page_id=5730"},"modified":"2026-04-22T11:38:02","modified_gmt":"2026-04-22T09:38:02","slug":"mon-sejour","status":"publish","type":"page","link":"https:\/\/www.campingparis.fr\/es\/mon-sejour\/","title":{"rendered":"Mon s\u00e9jour"},"content":{"rendered":"<div class=\"wpb-content-wrapper\"><p>[vc_row css=\u00bb.vc_custom_1704706311448{background-color: rgba(232,78,27,0.2) !important;*background-color: rgb(232,78,27) !important;}\u00bb][vc_column]<div class=\"wrappedcontent\">[vc_empty_space height=\u00bb40px\u00bb][vc_column_text]<\/p>\n<h1 style=\"text-align: center;\"><span style=\"font-size: 24pt;\"><strong>TODAS LAS INFORMACIONES<br \/>\nPR\u00c1CTICAS PREVIAS A TU ESTANCIA<\/strong><\/span><\/h1>\n<p>[\/vc_column_text]<\/div>[\/vc_column][\/vc_row][vc_row][vc_column]<div class=\"wrappedcontent\">[vc_row_inner equal_height=\u00bbyes\u00bb gap=\u00bb35&#8243; css=\u00bb.vc_custom_1644315875476{margin-left: 0px !important;}\u00bb][vc_column_inner width=\u00bb1\/2&#8243;][vc_single_image image=\u00bb7655&#8243; img_size=\u00bb71*71&#8243; alignment=\u00bbcenter\u00bb][vc_empty_space height=\u00bb35px\u00bb][vc_column_text]<\/p>\n<h2 style=\"text-align: center;\"><strong><span style=\"color: #e94e1b;\"><span style=\"font-size: 26.6667px;\">Mi estancia<br \/>\nen parcela<\/span><\/span><\/strong><\/h2>\n<p>[\/vc_column_text][vc_empty_space height=\u00bb35px\u00bb][vc_column_text css=\u00bb\u00bb]<\/p>\n<p style=\"text-align: left;\"><span style=\"font-size: 14pt;\">Lo que est\u00e1 incluido en mi <strong>FORFAIT CAMPING<\/strong> :<\/span><\/p>\n<ul>\n<li>2 personas<\/li>\n<li>1 equipamiento (tienda o caravana)<\/li>\n<li>1 veh\u00edculo (1 coche o moto) o 1 autocaravana (longitud m\u00e1xima 8,5 metros)<\/li>\n<li>Un \u00e1rea de servicio para autocaravanas<\/li>\n<li>Wifi<\/li>\n<\/ul>\n<p><em><span style=\"font-size: 12pt;\">Con suplemento:<\/span><\/em><\/p>\n<ul>\n<li>Electricidad<\/li>\n<li>Conexi\u00f3n el\u00e9ctrica<\/li>\n<li>Hasta 6 personas por parcela (adultos, ni\u00f1os y beb\u00e9s)<\/li>\n<li>1 solo animal aceptado<\/li>\n<li>1 \u00fanica tienda supletoria peque\u00f1a (2m x 2m)<\/li>\n<li>Gastos de preferencia (Reservar un n\u00famero concreto de parcela)<\/li>\n<\/ul>\n<p>&nbsp;<\/p>\n<p><span style=\"font-size: 14pt;\"><strong>Forma de pago<\/strong><\/span><\/p>\n<ul>\n<li>Para <em>3 noches o m\u00e1s<\/em>: Anticipo del 40 % al reservar; el resto se abonar\u00e1 un mes antes de la llegada.<\/li>\n<li>Para <em>1 o 2 noches<\/em>, 100% del coste de la estancia al realizar la reserva.<\/li>\n<\/ul>\n<p><strong>Modificaci\u00f3n<\/strong>: hasta con 30 d\u00edas de antelaci\u00f3n y 50 \u20ac de gastos.<br \/>\n<strong>Cancelaci\u00f3n<\/strong>: hasta con 30 d\u00edas con gastos de reserva: dep\u00f3sito del 40% del coste total de la estancia + p\u00f3liza de seguro + gastos de reserva. Despu\u00e9s del 30-D, la estancia no es reembolsable.<\/p>\n<p>&nbsp;<\/p>\n<p><span style=\"font-size: 14pt;\"><strong>Horarios de llegada y salida<\/strong><\/span><\/p>\n<ul>\n<li>Hora de llegada : 14h<\/li>\n<li>Hora de salida : 12h<\/li>\n<\/ul>\n<p>[\/vc_column_text][\/vc_column_inner][vc_column_inner width=\u00bb1\/2&#8243;][vc_single_image image=\u00bb7661&#8243; img_size=\u00bb71*71&#8243; alignment=\u00bbcenter\u00bb][vc_empty_space height=\u00bb35px\u00bb][vc_column_text]<\/p>\n<h2 style=\"text-align: center;\"><strong><span style=\"color: #e94e1b;\"><span style=\"font-size: 26.6667px;\">Mi estancia<br \/>\nen alojamiento<\/span><\/span><\/strong><\/h2>\n<p>[\/vc_column_text][vc_empty_space height=\u00bb35px\u00bb][vc_column_text css=\u00bb\u00bb]<span style=\"font-size: 14pt;\">Lo que est\u00e1 incluido en mi <strong>ALOJAMIENTO<\/strong> :<\/span><\/p>\n<ul>\n<li>S\u00e1banas y toallas<\/li>\n<li>Kit de limpieza (esponja, l\u00edquido lavavajillas, producto multiuso)<\/li>\n<li>TV* y Wifi<\/li>\n<li>La electricidad<\/li>\n<li>1 veh\u00edculo (coche o mini van)<\/li>\n<\/ul>\n<p><em><span style=\"font-size: 12pt;\">Con suplemento:<\/span><\/em><\/p>\n<ul>\n<li>1 solo animal aceptado<\/li>\n<li>Forfait limpieza fin de estancia<\/li>\n<li>Gastos de preferencia (Reservar un n\u00famero concreto de alojamiento)<\/li>\n<\/ul>\n<p>&nbsp;<\/p>\n<p><span style=\"font-size: 14pt;\"><strong>Forma de pago<\/strong><\/span><\/p>\n<ul>\n<li>Anticipo del 40% a la reserva, abono del total restante un mes antes de la llegada.<\/li>\n<\/ul>\n<p><strong>Modificaci\u00f3n<\/strong>: hasta con 30 d\u00edas de antelaci\u00f3n y 50 \u20ac de gastos.<br \/>\n<strong>Cancelaci\u00f3n<\/strong>: hasta con 30 d\u00edas con gastos de reserva: dep\u00f3sito del 40% del coste total de la estancia + p\u00f3liza de seguro + gastos de reserva. Despu\u00e9s del 30-D, la estancia no es reembolsable.<\/p>\n<p>&nbsp;<\/p>\n<p><span style=\"font-size: 14pt;\"><strong>Horarios de llegada y salida<\/strong><\/span><\/p>\n<ul>\n<li>Hora de llegada: 15h<\/li>\n<li>Hora de salida: 10h<\/li>\n<\/ul>\n<p>*excepto en las Tiendas Toiles &amp; Bois[\/vc_column_text][\/vc_column_inner][\/vc_row_inner][vc_column_text]<em><span style=\"font-size: 10pt;\">Para la tranquilidad de nuestros emplazamientos, s\u00f3lo se permite aparcar un veh\u00edculo dentro del camping (en el aparcamiento o en la parcela). Todos los veh\u00edculos adicionales deben aparcar fuera.<\/span><\/em>[\/vc_column_text][vc_empty_space height=\u00bb55px\u00bb]<\/div>[\/vc_column][\/vc_row][vc_row css=\u00bb.vc_custom_1704729054321{background-color: rgba(232,78,27,0.2) !important;*background-color: rgb(232,78,27) !important;}\u00bb][vc_column]<div class=\"wrappedcontent\">[vc_column_text]<\/p>\n<p style=\"text-align: center;\"><span style=\"color: #000000; font-size: 18pt;\"><strong>EN CASO DE LLEGADA TARD\u00cdA<\/strong><\/span><\/p>\n<div class=\"ewa-rteLine\" style=\"text-align: center;\">El vigilante nocturno ser\u00e1 el encargado de recibir a los clientes.<br \/>\nHay un interfono a disposici\u00f3n de los clientes para llamar al vigilante.<\/div>\n<div class=\"ewa-rteLine\" style=\"text-align: center;\">\n<p><span style=\"font-size: 12pt;\"><em>\u00bfCu\u00e1ndo?:<\/em><\/span><\/p>\n<\/div>\n<div>&#8211; Del <strong>28 de junio al 1 de septiembre<\/strong> y durante los <strong>puentes de mayo<\/strong>, en caso de llegar despu\u00e9s de las 23:00 h.<br \/>\n&#8211; El <strong>resto del a\u00f1o<\/strong>, en caso de llegar despu\u00e9s de las 21:00 h.<\/div>\n<p>[\/vc_column_text]<\/div>[\/vc_column][\/vc_row][vc_row][vc_column]<div class=\"wrappedcontent\">[vc_column_text]<\/p>\n<p style=\"text-align: center;\"><span style=\"font-size: 18pt; color: #e94e1b;\"><strong>SERVICIOS ADICIONALES<\/strong><\/span><\/p>\n<p>[\/vc_column_text][vc_empty_space height=\u00bb35px\u00bb][vc_row_inner][vc_column_inner width=\u00bb1\/5&#8243;][vc_single_image image=\u00bb6800&#8243; img_size=\u00bb71*71&#8243; alignment=\u00bbcenter\u00bb][vc_empty_space][vc_column_text]<\/p>\n<p style=\"text-align: center;\"><strong>Opci\u00f3n cama hecha a la llegada<\/strong><\/p>\n<p>[\/vc_column_text][\/vc_column_inner][vc_column_inner width=\u00bb1\/5&#8243;][vc_single_image image=\u00bb8157&#8243; img_size=\u00bb71*71&#8243; alignment=\u00bbcenter\u00bb css=\u00bb\u00bb][vc_empty_space][vc_column_text css=\u00bb\u00bb]<\/p>\n<p style=\"text-align: center;\"><strong>Alquiler de barbacoas<\/strong><\/p>\n<p>[\/vc_column_text][\/vc_column_inner][vc_column_inner width=\u00bb1\/5&#8243;][vc_single_image image=\u00bb7745&#8243; img_size=\u00bb71*71&#8243; alignment=\u00bbcenter\u00bb][vc_empty_space][vc_column_text]<\/p>\n<p style=\"text-align: center;\"><strong>Kit beb\u00e9<br \/>\n(cuna de viaje + trona)<\/strong><\/p>\n<p>[\/vc_column_text][\/vc_column_inner][vc_column_inner width=\u00bb1\/5&#8243;][vc_single_image image=\u00bb7751&#8243; img_size=\u00bb71*71&#8243; alignment=\u00bbcenter\u00bb][vc_empty_space][vc_column_text]<\/p>\n<p style=\"text-align: center;\"><strong>Lavander\u00eda<\/strong><\/p>\n<p>[\/vc_column_text][\/vc_column_inner][vc_column_inner width=\u00bb1\/5&#8243;][vc_single_image image=\u00bb7757&#8243; img_size=\u00bb71*71&#8243; alignment=\u00bbcenter\u00bb][vc_empty_space][vc_column_text]<\/p>\n<p style=\"text-align: center;\"><strong>Servicio de limpieza<\/strong><\/p>\n<p>[\/vc_column_text][\/vc_column_inner][\/vc_row_inner][vc_empty_space height=\u00bb35px\u00bb]<div class=\"text-center btnwrap\"><a class=\"btn btn-huttopia-cta\" href=\"http:\/\/checkout.citykamp.com\/site\/es\/890\" role=\"button\" target=\"\" onclick=\"dataLayer.push({'event':'clickCity', 'clickText':'Reservar tu estancia'})\">Reservar tu estancia<\/a><\/div><\/div>[\/vc_column][\/vc_row][vc_row css=\u00bb.vc_custom_1704892988087{background-color: rgba(232,78,27,0.2) !important;*background-color: rgb(232,78,27) !important;}\u00bb][vc_column]<div class=\"wrappedcontent\">[vc_row_inner equal_height=\u00bbyes\u00bb gap=\u00bb35&#8243;][vc_column_inner width=\u00bb1\/3&#8243;][vc_masonry_media_grid element_width=\u00bb12&#8243; gap=\u00bb0&#8243; grid_id=\u00bbvc_gid:1776850668113-0d4c7acd-98cd-10&#8243; include=\u00bb5714&#8243;][\/vc_column_inner][vc_column_inner width=\u00bb2\/3&#8243;][vc_column_text]<span style=\"color: #000000;\"><strong><span style=\"font-size: 16pt;\">\u00a1LOS ANIMALES SONT SON BIENVENIDOS!<\/span><\/strong><\/span><\/p>\n<p><span style=\"font-size: 14pt;\">Aceptamos un animal de compa\u00f1\u00eda por parcela o por alojamiento.<br \/>\nDebe estar vacunados y con correa.<\/span>[\/vc_column_text][\/vc_column_inner][\/vc_row_inner]<\/div>[\/vc_column][\/vc_row][vc_row][vc_column]<div class=\"wrappedcontent\">[vc_row_inner equal_height=\u00bbyes\u00bb gap=\u00bb35&#8243; css=\u00bb.vc_custom_1644317979794{margin-left: 0px !important;}\u00bb][vc_column_inner width=\u00bb1\/3&#8243;][vc_masonry_media_grid element_width=\u00bb12&#8243; gap=\u00bb0&#8243; grid_id=\u00bbvc_gid:1776850668114-fdf95f7f-8621-1&#8243; include=\u00bb6514&#8243;][\/vc_column_inner][vc_column_inner width=\u00bb2\/3&#8243;][vc_column_text css=\u00bb\u00bb]<\/p>\n<h2><span style=\"color: #e94e1b;\">CAMPING CARD<\/span><\/h2>\n<p><span style=\"font-size: 12pt;\">Acampa a partir de <span style=\"color: #e84e1b;\"><strong>15\u20ac<\/strong><\/span>* la noche con la <span style=\"color: #e94e1b;\"><a style=\"color: #e94e1b;\" href=\"https:\/\/www.citykamp.com\/es\/camping-card\/\"><span style=\"text-decoration: underline;\">Camping Card<\/span><\/a><\/span>\u00a0Huttopia.<\/span><br \/>\n<span style=\"font-size: 12pt;\">Benef\u00edciate de precios reducidos y noches gratuitas durante temporada alta y baja, en todos los campings <span style=\"text-decoration: underline;\"><span style=\"color: #e94e1b;\"><a style=\"color: #e94e1b; text-decoration: underline;\" href=\"https:\/\/www.citykamp.com\/es\/destinos\/\">Citykamp<\/a><\/span>,<\/span> <span style=\"text-decoration: underline; color: #e94e1b;\"><a style=\"color: #e94e1b; text-decoration: underline;\" href=\"https:\/\/www.onlycamp.fr\/en\/\">Onlycamp<\/a><\/span> y todos los <span style=\"text-decoration: underline; color: #e94e1b;\"><a style=\"color: #e94e1b; text-decoration: underline;\" href=\"https:\/\/europe.huttopia.com\/es\/destinations\/campings\/\">campings Huttopia<\/a><\/span>.<\/span><\/p>\n<p><em><span style=\"font-size: 10pt;\">*Tarifa que incluye 1 parcela para 2 personas con electricidad (+ animal de compa\u00f1\u00eda gratis).<\/span><\/em>[\/vc_column_text][vc_empty_space]<div class=\" btnwrap\"><a class=\"btn btn-huttopia-cta\" href=\"https:\/\/www.citykamp.com\/es\/camping-card\/\" role=\"button\" target=\"true\" onclick=\"dataLayer.push({'event':'clickCity', 'clickText':'BENEFICIARME'})\">BENEFICIARME<\/a><\/div>[\/vc_column_inner][\/vc_row_inner]<\/div>[\/vc_column][\/vc_row][vc_row css=\u00bb.vc_custom_1704895871002{background-color: rgba(232,78,27,0.2) !important;*background-color: rgb(232,78,27) !important;}\u00bb][vc_column]<div class=\"wrappedcontent\">[vc_row_inner][vc_column_inner width=\u00bb1\/3&#8243;][vc_single_image image=\u00bb7770&#8243; img_size=\u00bb71*71&#8243; alignment=\u00bbcenter\u00bb][vc_empty_space][vc_column_text css=\u00bb\u00bb]<\/p>\n<p style=\"text-align: center;\"><span style=\"font-size: 14pt; color: #000000;\"><strong>TARIFAS DE RESERVA<\/strong><\/span><\/p>\n<p style=\"text-align: center;\"><strong>Parcelas: <\/strong>26\u20ac del 19\/04 al 27\/09, despu\u00e9s gratis fuera de estas fechas.<strong><br \/>\nAlojamientos: <\/strong>26 \u20ac todo el a\u00f1o.<\/p>\n<p>[\/vc_column_text][\/vc_column_inner][vc_column_inner width=\u00bb1\/3&#8243;][vc_single_image image=\u00bb7138&#8243; img_size=\u00bb71*71&#8243; alignment=\u00bbcenter\u00bb][vc_empty_space][vc_column_text css=\u00bb\u00bb]<\/p>\n<p style=\"text-align: center;\"><span style=\"font-size: 14pt; color: #000000;\"><strong>SEGURO DE CANCELACI\u00d3N<\/strong><\/span><\/p>\n<p style=\"text-align: center;\"><span style=\"color: #000000;\">Seguro de cancelaci\u00f3n e interrupci\u00f3n de la estancia<br \/>\n5% del importe total de su estancia (excepto gastos administrativos y tasa de estancia).<\/span><\/p>\n<p>[\/vc_column_text][\/vc_column_inner][vc_column_inner width=\u00bb1\/3&#8243;][vc_single_image image=\u00bb6806&#8243; img_size=\u00bb71*71&#8243; alignment=\u00bbcenter\u00bb][vc_empty_space][vc_column_text]<\/p>\n<p style=\"text-align: center;\"><span style=\"font-size: 14pt; color: #000000;\"><strong>TARIFAS ADICIONALES<\/strong><\/span><\/p>\n<p style=\"text-align: center;\"><span style=\"color: #000000;\"><a style=\"color: #000000;\" href=\"https:\/\/media.huttopia.com\/tarifs-annexes-citykamp-en.pdf\" target=\"_blank\" rel=\"noopener noreferrer\"><u>Consultar las tarifas adicionales<\/u><\/a><\/span><\/p>\n<p>[\/vc_column_text][\/vc_column_inner][\/vc_row_inner]<\/div>[\/vc_column][\/vc_row]<\/p>\n<\/div>","protected":false},"excerpt":{"rendered":"<p>[vc_row css=\u00bb.vc_custom_1704706311448{background-color: rgba(232,78,27,0.2) !important;*background-color: rgb(232,78,27) !important;}\u00bb][vc_column][\/vc_column][\/vc_row][vc_row][vc_column][\/vc_column][\/vc_row][vc_row css=\u00bb.vc_custom_1704729054321{background-color: rgba(232,78,27,0.2) !important;*background-color: rgb(232,78,27) !important;}\u00bb][vc_column][\/vc_column][\/vc_row][vc_row][vc_column][\/vc_column][\/vc_row][vc_row css=\u00bb.vc_custom_1704892988087{background-color: rgba(232,78,27,0.2) !important;*background-color: rgb(232,78,27) !important;}\u00bb][vc_column][\/vc_column][\/vc_row][vc_row][vc_column][\/vc_column][\/vc_row][vc_row css=\u00bb.vc_custom_1704895871002{background-color: rgba(232,78,27,0.2) !important;*background-color: rgb(232,78,27) !important;}\u00bb][vc_column][\/vc_column][\/vc_row]<\/p>\n","protected":false},"author":1,"featured_media":0,"parent":0,"menu_order":0,"comment_status":"closed","ping_status":"closed","template":"","meta":{"footnotes":""},"class_list":["post-5730","page","type-page","status-publish","hentry"],"yoast_head":"<!-- This site is optimized with the Yoast SEO plugin v25.6 - https:\/\/yoast.com\/wordpress\/plugins\/seo\/ -->\n<title>Informations pratiques sur votre s\u00e9jour au Camping de Paris<\/title>\n<meta name=\"description\" content=\"Toutes les informations pratiques avant votre s\u00e9jour au Camping de Paris : ce qui est inclus, modalit\u00e9s de r\u00e8glement.\" \/>\n<meta name=\"robots\" content=\"index, follow, max-snippet:-1, max-image-preview:large, max-video-preview:-1\" \/>\n<link rel=\"canonical\" href=\"https:\/\/www.campingparis.fr\/es\/mon-sejour\/\" \/>\n<meta property=\"og:locale\" content=\"es_ES\" \/>\n<meta property=\"og:type\" content=\"article\" \/>\n<meta property=\"og:title\" content=\"Informations pratiques sur votre s\u00e9jour au Camping de Paris\" \/>\n<meta property=\"og:description\" content=\"Toutes les informations pratiques avant votre s\u00e9jour au Camping de Paris : ce qui est inclus, modalit\u00e9s de r\u00e8glement.\" \/>\n<meta property=\"og:url\" content=\"https:\/\/www.campingparis.fr\/es\/mon-sejour\/\" \/>\n<meta property=\"og:site_name\" content=\"Camping de Paris\" \/>\n<meta property=\"article:modified_time\" content=\"2026-04-22T09:38:02+00:00\" \/>\n<meta name=\"twitter:card\" content=\"summary_large_image\" \/>\n<meta name=\"twitter:label1\" content=\"Est. reading time\" \/>\n\t<meta name=\"twitter:data1\" content=\"6 minutos\" \/>\n<script type=\"application\/ld+json\" class=\"yoast-schema-graph\">{\"@context\":\"https:\/\/schema.org\",\"@graph\":[{\"@type\":\"WebPage\",\"@id\":\"https:\/\/www.campingparis.fr\/es\/mon-sejour\/\",\"url\":\"https:\/\/www.campingparis.fr\/es\/mon-sejour\/\",\"name\":\"Informations pratiques sur votre s\u00e9jour au Camping de Paris\",\"isPartOf\":{\"@id\":\"https:\/\/www.campingparis.fr\/es\/#website\"},\"datePublished\":\"2022-02-08T10:44:50+00:00\",\"dateModified\":\"2026-04-22T09:38:02+00:00\",\"description\":\"Toutes les informations pratiques avant votre s\u00e9jour au Camping de Paris : ce qui est inclus, modalit\u00e9s de r\u00e8glement.\",\"breadcrumb\":{\"@id\":\"https:\/\/www.campingparis.fr\/es\/mon-sejour\/#breadcrumb\"},\"inLanguage\":\"es\",\"potentialAction\":[{\"@type\":\"ReadAction\",\"target\":[\"https:\/\/www.campingparis.fr\/es\/mon-sejour\/\"]}]},{\"@type\":\"BreadcrumbList\",\"@id\":\"https:\/\/www.campingparis.fr\/es\/mon-sejour\/#breadcrumb\",\"itemListElement\":[{\"@type\":\"ListItem\",\"position\":1,\"name\":\"Accueil\",\"item\":\"https:\/\/www.campingparis.fr\/es\/\"},{\"@type\":\"ListItem\",\"position\":2,\"name\":\"Mon s\u00e9jour\"}]},{\"@type\":\"WebSite\",\"@id\":\"https:\/\/www.campingparis.fr\/es\/#website\",\"url\":\"https:\/\/www.campingparis.fr\/es\/\",\"name\":\"Camping de Paris\",\"description\":\"Un site utilisant Citykamp\",\"potentialAction\":[{\"@type\":\"SearchAction\",\"target\":{\"@type\":\"EntryPoint\",\"urlTemplate\":\"https:\/\/www.campingparis.fr\/es\/?s={search_term_string}\"},\"query-input\":{\"@type\":\"PropertyValueSpecification\",\"valueRequired\":true,\"valueName\":\"search_term_string\"}}],\"inLanguage\":\"es\"}]}<\/script>\n<!-- \/ Yoast SEO plugin. -->","yoast_head_json":{"title":"Informations pratiques sur votre s\u00e9jour au Camping de Paris","description":"Toutes les informations pratiques avant votre s\u00e9jour au Camping de Paris : ce qui est inclus, modalit\u00e9s de r\u00e8glement.","robots":{"index":"index","follow":"follow","max-snippet":"max-snippet:-1","max-image-preview":"max-image-preview:large","max-video-preview":"max-video-preview:-1"},"canonical":"https:\/\/www.campingparis.fr\/es\/mon-sejour\/","og_locale":"es_ES","og_type":"article","og_title":"Informations pratiques sur votre s\u00e9jour au Camping de Paris","og_description":"Toutes les informations pratiques avant votre s\u00e9jour au Camping de Paris : ce qui est inclus, modalit\u00e9s de r\u00e8glement.","og_url":"https:\/\/www.campingparis.fr\/es\/mon-sejour\/","og_site_name":"Camping de Paris","article_modified_time":"2026-04-22T09:38:02+00:00","twitter_card":"summary_large_image","twitter_misc":{"Est. reading time":"6 minutos"},"schema":{"@context":"https:\/\/schema.org","@graph":[{"@type":"WebPage","@id":"https:\/\/www.campingparis.fr\/es\/mon-sejour\/","url":"https:\/\/www.campingparis.fr\/es\/mon-sejour\/","name":"Informations pratiques sur votre s\u00e9jour au Camping de Paris","isPartOf":{"@id":"https:\/\/www.campingparis.fr\/es\/#website"},"datePublished":"2022-02-08T10:44:50+00:00","dateModified":"2026-04-22T09:38:02+00:00","description":"Toutes les informations pratiques avant votre s\u00e9jour au Camping de Paris : ce qui est inclus, modalit\u00e9s de r\u00e8glement.","breadcrumb":{"@id":"https:\/\/www.campingparis.fr\/es\/mon-sejour\/#breadcrumb"},"inLanguage":"es","potentialAction":[{"@type":"ReadAction","target":["https:\/\/www.campingparis.fr\/es\/mon-sejour\/"]}]},{"@type":"BreadcrumbList","@id":"https:\/\/www.campingparis.fr\/es\/mon-sejour\/#breadcrumb","itemListElement":[{"@type":"ListItem","position":1,"name":"Accueil","item":"https:\/\/www.campingparis.fr\/es\/"},{"@type":"ListItem","position":2,"name":"Mon s\u00e9jour"}]},{"@type":"WebSite","@id":"https:\/\/www.campingparis.fr\/es\/#website","url":"https:\/\/www.campingparis.fr\/es\/","name":"Camping de Paris","description":"Un site utilisant Citykamp","potentialAction":[{"@type":"SearchAction","target":{"@type":"EntryPoint","urlTemplate":"https:\/\/www.campingparis.fr\/es\/?s={search_term_string}"},"query-input":{"@type":"PropertyValueSpecification","valueRequired":true,"valueName":"search_term_string"}}],"inLanguage":"es"}]}},"_links":{"self":[{"href":"https:\/\/www.campingparis.fr\/es\/wp-json\/wp\/v2\/pages\/5730","targetHints":{"allow":["GET"]}}],"collection":[{"href":"https:\/\/www.campingparis.fr\/es\/wp-json\/wp\/v2\/pages"}],"about":[{"href":"https:\/\/www.campingparis.fr\/es\/wp-json\/wp\/v2\/types\/page"}],"author":[{"embeddable":true,"href":"https:\/\/www.campingparis.fr\/es\/wp-json\/wp\/v2\/users\/1"}],"replies":[{"embeddable":true,"href":"https:\/\/www.campingparis.fr\/es\/wp-json\/wp\/v2\/comments?post=5730"}],"version-history":[{"count":6,"href":"https:\/\/www.campingparis.fr\/es\/wp-json\/wp\/v2\/pages\/5730\/revisions"}],"predecessor-version":[{"id":8576,"href":"https:\/\/www.campingparis.fr\/es\/wp-json\/wp\/v2\/pages\/5730\/revisions\/8576"}],"wp:attachment":[{"href":"https:\/\/www.campingparis.fr\/es\/wp-json\/wp\/v2\/media?parent=5730"}],"curies":[{"name":"wp","href":"https:\/\/api.w.org\/{rel}","templated":true}]}}