{"id":7990,"date":"2024-10-25T09:58:44","date_gmt":"2024-10-25T07:58:44","guid":{"rendered":"https:\/\/www.campingparis.fr\/marches-noel-paris\/"},"modified":"2025-10-21T10:55:42","modified_gmt":"2025-10-21T08:55:42","slug":"mercados-navidad-paris","status":"publish","type":"page","link":"https:\/\/www.campingparis.fr\/es\/mercados-navidad-paris\/","title":{"rendered":"Mercados de Navidad de Par\u00eds"},"content":{"rendered":"<div class=\"wpb-content-wrapper\"><p>[vc_row][vc_column]<div class=\"wrappedcontent\">[vc_column_text css=\u00bb\u00bb]<\/p>\n<h1 style=\"text-align: center;\"><strong><span style=\"color: #e94e1b;\"><span style=\"font-size: 24pt;\">LOS 5 MERCADOS NAVIDE\u00d1OS M\u00c1S BONITOS DE PAR\u00cdS PARA DISFRUTAR DE UN FINDE M\u00c1GICO EN CAMPING<\/span><\/span><\/strong><\/h1>\n<p>&nbsp;<\/p>\n<p style=\"text-align: center;\"><span style=\"font-size: 14pt;\">Cuando se acercan las fiestas de fin de a\u00f1o, Par\u00eds se transforma en una ciudad de fantas\u00eda. Descubre <strong>los mercados navide\u00f1os m\u00e1s bonitos de Par\u00eds.<\/strong> Sum\u00e9rgete en un ambiente festivo y aut\u00e9ntico, perfecto para irse preparando para las fiestas de fin de a\u00f1o con la familia en <a href=\"https:\/\/www.campingparis.fr\/es\/alojamientos\/\">un alojamiento a las puertas de Par\u00eds.<\/a><br \/>\n<\/span><\/p>\n<p style=\"text-align: center;\">Del 13 de noviembre al 28 de diciembre de 2025<\/p>\n<p>[\/vc_column_text]<\/div>[\/vc_column][\/vc_row][vc_row][vc_column][vc_empty_space height=\u00bb15px\u00bb][\/vc_column][\/vc_row][vc_row css=\u00bb.vc_custom_1729842141710{background-color: #E94E1B33 !important;}\u00bb][vc_column]<div class=\"wrappedcontent\">[vc_row_inner gap=\u00bb35&#8243;][vc_column_inner width=\u00bb1\/3&#8243;][vc_masonry_media_grid element_width=\u00bb12&#8243; gap=\u00bb0&#8243; css=\u00bb\u00bb grid_id=\u00bbvc_gid:1760954630469-ecd3b7ed-b2fb-8&#8243; include=\u00bb7957&#8243;][vc_empty_space height=\u00bb15px\u00bb][vc_column_text css=\u00bb\u00bb]<\/p>\n<h2 style=\"text-align: center;\"><strong><span style=\"font-size: 14pt;\">Mercado navide\u00f1o de las Tuller\u00edas<\/span><\/strong><\/h2>\n<p style=\"text-align: center;\"><span style=\"font-size: 14pt;\">No puedes perderte este mercado, situado en pleno coraz\u00f3n de Par\u00eds, con sus casetas de madera llenos de delicias para el paladar, ideas para regalos y hasta pista de patinaje, a dos pasos del Louvre.<br \/>\n<strong><span style=\"font-size: 12pt;\">Lugar: Jard\u00edn de las Tuller\u00edas, 1er distrito.<\/span><\/strong><\/span><\/p>\n<p>[\/vc_column_text][\/vc_column_inner][vc_column_inner width=\u00bb1\/3&#8243;][vc_masonry_media_grid element_width=\u00bb12&#8243; gap=\u00bb0&#8243; css=\u00bb\u00bb grid_id=\u00bbvc_gid:1760954630471-2f2da006-73f0-0&#8243; include=\u00bb7969&#8243;][vc_empty_space height=\u00bb15px\u00bb][vc_column_text css=\u00bb\u00bb]<\/p>\n<h2 style=\"text-align: center;\"><span style=\"font-size: 14pt;\"><strong>Mercado navide\u00f1o de La D\u00e9fense<\/strong><\/span><\/h2>\n<p style=\"text-align: center;\"><span style=\"font-size: 14pt;\">Este mercado, con 350 puestos, es el m\u00e1s grande de la regi\u00f3n parisina. Se encuentra a los pies del Gran Arco de La D\u00e9fense y ofrece unas vistas impresionantes.<br \/>\n<strong><span style=\"font-size: 12pt;\">Lugar: Plaza de La D\u00e9fense.<\/span><\/strong><\/span><\/p>\n<p>[\/vc_column_text][\/vc_column_inner][vc_column_inner width=\u00bb1\/3&#8243;][vc_masonry_media_grid element_width=\u00bb12&#8243; gap=\u00bb0&#8243; css=\u00bb\u00bb grid_id=\u00bbvc_gid:1760954630472-8263db18-fffe-9&#8243; include=\u00bb7963&#8243;][vc_empty_space height=\u00bb15px\u00bb][vc_column_text css=\u00bb\u00bb]<\/p>\n<h2 style=\"text-align: center;\"><strong><span style=\"font-size: 14pt;\">Poblado navide\u00f1o de Saint-Germain-des-Pr\u00e9s<\/span><\/strong><\/h2>\n<p style=\"text-align: center;\"><span style=\"font-size: 14pt;\">Este encantador mercado pone en valor la artesan\u00eda local y las especialidades gastron\u00f3micas.<br \/>\n<span style=\"font-size: 12pt;\"><strong>Lugar: Boulevard Saint-Germain, 6\u00ba distrito.<\/strong><\/span><\/span><\/p>\n<p>[\/vc_column_text][\/vc_column_inner][\/vc_row_inner]<\/div>[\/vc_column][\/vc_row][vc_row][vc_column]<div class=\"wrappedcontent\">[vc_row_inner gap=\u00bb35&#8243;][vc_column_inner width=\u00bb1\/2&#8243;][vc_masonry_media_grid element_width=\u00bb12&#8243; gap=\u00bb0&#8243; css=\u00bb\u00bb grid_id=\u00bbvc_gid:1760954630473-4c863667-9e2f-8&#8243; include=\u00bb7945&#8243;][vc_empty_space height=\u00bb15px\u00bb][vc_column_text css=\u00bb\u00bb]<\/p>\n<h2 style=\"margin: 0in; font-size: 11pt; text-align: center;\"><strong><span style=\"font-size: 14pt;\">Mercado navide\u00f1o de Montmartre<\/span><\/strong><\/h2>\n<p style=\"margin: 0in; font-size: 11pt; text-align: center;\"><span style=\"font-size: 14pt;\"><br \/>\nEste aut\u00e9ntico poblado alpino situado a los pies del Sacr\u00e9-C\u0153ur ofrece productos artesanales en un marco original.<br \/>\n<span style=\"font-size: 12pt;\"><strong>Lugar: Place des Abbesses, 18\u00ba distrito.<\/strong><\/span><\/span><\/p>\n<p>[\/vc_column_text][\/vc_column_inner][vc_column_inner width=\u00bb1\/2&#8243;][vc_masonry_media_grid element_width=\u00bb12&#8243; gap=\u00bb0&#8243; css=\u00bb\u00bb grid_id=\u00bbvc_gid:1760954630474-4a785ea0-a85b-8&#8243; include=\u00bb7951&#8243;][vc_empty_space height=\u00bb15px\u00bb][vc_column_text css=\u00bb\u00bb]<\/p>\n<h2 style=\"margin: 0in; font-size: 11pt; text-align: center;\"><span style=\"font-size: 14pt;\"><strong>Mercado navide\u00f1o de H\u00f4tel de Ville<\/strong><\/span><\/h2>\n<p style=\"margin: 0in; font-size: 11pt; text-align: center;\"><span style=\"font-size: 14pt;\"><br \/>\nEste mercado familiar incluye una pista de hielo y numerosas actividades para ni\u00f1os.<strong><br \/>\n<span style=\"font-size: 12pt;\">Lugar: Plaza del H\u00f4tel de Ville, 4\u00ba distrito.<\/span><\/strong><\/span><\/p>\n<p>[\/vc_column_text][\/vc_column_inner][\/vc_row_inner][vc_empty_space height=\u00bb25px\u00bb][vc_column_text css=\u00bb\u00bb]<\/p>\n<p style=\"text-align: center;\"><span style=\"font-size: 14pt;\">Ven a vivir la magia de la Navidad en nuestro camping y disfruta de unas vacaciones revitalizantes en un alojamiento con todas las comodidades.<\/span><\/p>\n<p>[\/vc_column_text]<div class=\"text-center btnwrap\"><a class=\"btn btn-huttopia-cta\" href=\"https:\/\/checkout.citykamp.com\/890\/es\/\" role=\"button\" target=\"\" onclick=\"dataLayer.push({'event':'clickCity', 'clickText':'\u00a1Reservar!'})\">\u00a1Reservar!<\/a><\/div><\/div>[\/vc_column][\/vc_row]<\/p>\n<\/div>","protected":false},"excerpt":{"rendered":"<p>[vc_row][vc_column][\/vc_column][\/vc_row][vc_row][vc_column][vc_empty_space height=\u00bb15px\u00bb][\/vc_column][\/vc_row][vc_row css=\u00bb.vc_custom_1729842141710{background-color: #E94E1B33 !important;}\u00bb][vc_column][\/vc_column][\/vc_row][vc_row][vc_column][\/vc_column][\/vc_row]<\/p>\n","protected":false},"author":48,"featured_media":7945,"parent":0,"menu_order":0,"comment_status":"closed","ping_status":"closed","template":"","meta":{"footnotes":""},"class_list":["post-7990","page","type-page","status-publish","has-post-thumbnail","hentry"],"yoast_head":"<!-- This site is optimized with the Yoast SEO plugin v25.6 - https:\/\/yoast.com\/wordpress\/plugins\/seo\/ -->\n<title>Los 5 mercados navide\u00f1os m\u00e1s bonitos de Par\u00eds<\/title>\n<meta name=\"description\" content=\"Descubra los mercados navide\u00f1os m\u00e1s bonitos de Par\u00eds. Sum\u00e9rjase en un ambiente festivo y aut\u00e9ntico, ideal para preparar las fiestas en familia, mientras disfruta de un alojamiento a las afueras de Par\u00eds.\" \/>\n<meta name=\"robots\" content=\"index, follow, max-snippet:-1, max-image-preview:large, max-video-preview:-1\" \/>\n<link rel=\"canonical\" href=\"https:\/\/www.campingparis.fr\/es\/mercados-navidad-paris\/\" \/>\n<meta property=\"og:locale\" content=\"es_ES\" \/>\n<meta property=\"og:type\" content=\"article\" \/>\n<meta property=\"og:title\" content=\"Los 5 mercados navide\u00f1os m\u00e1s bonitos de Par\u00eds\" \/>\n<meta property=\"og:description\" content=\"Descubra los mercados navide\u00f1os m\u00e1s bonitos de Par\u00eds. Sum\u00e9rjase en un ambiente festivo y aut\u00e9ntico, ideal para preparar las fiestas en familia, mientras disfruta de un alojamiento a las afueras de Par\u00eds.\" \/>\n<meta property=\"og:url\" content=\"https:\/\/www.campingparis.fr\/es\/mercados-navidad-paris\/\" \/>\n<meta property=\"og:site_name\" content=\"Camping de Paris\" \/>\n<meta property=\"article:modified_time\" content=\"2025-10-21T08:55:42+00:00\" \/>\n<meta property=\"og:image\" content=\"https:\/\/www.campingparis.fr\/uploads\/sites\/11\/2024\/10\/marche-de-noel-nuit-paris.jpeg\" \/>\n\t<meta property=\"og:image:width\" content=\"600\" \/>\n\t<meta property=\"og:image:height\" content=\"500\" \/>\n\t<meta property=\"og:image:type\" content=\"image\/jpeg\" \/>\n<meta name=\"twitter:card\" content=\"summary_large_image\" \/>\n<meta name=\"twitter:label1\" content=\"Est. reading time\" \/>\n\t<meta name=\"twitter:data1\" content=\"3 minutos\" \/>\n<script type=\"application\/ld+json\" class=\"yoast-schema-graph\">{\"@context\":\"https:\/\/schema.org\",\"@graph\":[{\"@type\":\"WebPage\",\"@id\":\"https:\/\/www.campingparis.fr\/es\/mercados-navidad-paris\/\",\"url\":\"https:\/\/www.campingparis.fr\/es\/mercados-navidad-paris\/\",\"name\":\"Los 5 mercados navide\u00f1os m\u00e1s bonitos de Par\u00eds\",\"isPartOf\":{\"@id\":\"https:\/\/www.campingparis.fr\/es\/#website\"},\"primaryImageOfPage\":{\"@id\":\"https:\/\/www.campingparis.fr\/es\/mercados-navidad-paris\/#primaryimage\"},\"image\":{\"@id\":\"https:\/\/www.campingparis.fr\/es\/mercados-navidad-paris\/#primaryimage\"},\"thumbnailUrl\":\"https:\/\/www.campingparis.fr\/uploads\/sites\/11\/2024\/10\/marche-de-noel-nuit-paris.jpeg\",\"datePublished\":\"2024-10-25T07:58:44+00:00\",\"dateModified\":\"2025-10-21T08:55:42+00:00\",\"description\":\"Descubra los mercados navide\u00f1os m\u00e1s bonitos de Par\u00eds. Sum\u00e9rjase en un ambiente festivo y aut\u00e9ntico, ideal para preparar las fiestas en familia, mientras disfruta de un alojamiento a las afueras de Par\u00eds.\",\"breadcrumb\":{\"@id\":\"https:\/\/www.campingparis.fr\/es\/mercados-navidad-paris\/#breadcrumb\"},\"inLanguage\":\"es\",\"potentialAction\":[{\"@type\":\"ReadAction\",\"target\":[\"https:\/\/www.campingparis.fr\/es\/mercados-navidad-paris\/\"]}]},{\"@type\":\"ImageObject\",\"inLanguage\":\"es\",\"@id\":\"https:\/\/www.campingparis.fr\/es\/mercados-navidad-paris\/#primaryimage\",\"url\":\"https:\/\/www.campingparis.fr\/uploads\/sites\/11\/2024\/10\/marche-de-noel-nuit-paris.jpeg\",\"contentUrl\":\"https:\/\/www.campingparis.fr\/uploads\/sites\/11\/2024\/10\/marche-de-noel-nuit-paris.jpeg\",\"width\":600,\"height\":500,\"caption\":\"March\u00e9 de No\u00ebl nocturne.\"},{\"@type\":\"BreadcrumbList\",\"@id\":\"https:\/\/www.campingparis.fr\/es\/mercados-navidad-paris\/#breadcrumb\",\"itemListElement\":[{\"@type\":\"ListItem\",\"position\":1,\"name\":\"Accueil\",\"item\":\"https:\/\/www.campingparis.fr\/es\/\"},{\"@type\":\"ListItem\",\"position\":2,\"name\":\"Mercados de Navidad de Par\u00eds\"}]},{\"@type\":\"WebSite\",\"@id\":\"https:\/\/www.campingparis.fr\/es\/#website\",\"url\":\"https:\/\/www.campingparis.fr\/es\/\",\"name\":\"Camping de Paris\",\"description\":\"Un site utilisant Citykamp\",\"potentialAction\":[{\"@type\":\"SearchAction\",\"target\":{\"@type\":\"EntryPoint\",\"urlTemplate\":\"https:\/\/www.campingparis.fr\/es\/?s={search_term_string}\"},\"query-input\":{\"@type\":\"PropertyValueSpecification\",\"valueRequired\":true,\"valueName\":\"search_term_string\"}}],\"inLanguage\":\"es\"}]}<\/script>\n<!-- \/ Yoast SEO plugin. -->","yoast_head_json":{"title":"Los 5 mercados navide\u00f1os m\u00e1s bonitos de Par\u00eds","description":"Descubra los mercados navide\u00f1os m\u00e1s bonitos de Par\u00eds. Sum\u00e9rjase en un ambiente festivo y aut\u00e9ntico, ideal para preparar las fiestas en familia, mientras disfruta de un alojamiento a las afueras de Par\u00eds.","robots":{"index":"index","follow":"follow","max-snippet":"max-snippet:-1","max-image-preview":"max-image-preview:large","max-video-preview":"max-video-preview:-1"},"canonical":"https:\/\/www.campingparis.fr\/es\/mercados-navidad-paris\/","og_locale":"es_ES","og_type":"article","og_title":"Los 5 mercados navide\u00f1os m\u00e1s bonitos de Par\u00eds","og_description":"Descubra los mercados navide\u00f1os m\u00e1s bonitos de Par\u00eds. Sum\u00e9rjase en un ambiente festivo y aut\u00e9ntico, ideal para preparar las fiestas en familia, mientras disfruta de un alojamiento a las afueras de Par\u00eds.","og_url":"https:\/\/www.campingparis.fr\/es\/mercados-navidad-paris\/","og_site_name":"Camping de Paris","article_modified_time":"2025-10-21T08:55:42+00:00","og_image":[{"width":600,"height":500,"url":"https:\/\/www.campingparis.fr\/uploads\/sites\/11\/2024\/10\/marche-de-noel-nuit-paris.jpeg","type":"image\/jpeg"}],"twitter_card":"summary_large_image","twitter_misc":{"Est. reading time":"3 minutos"},"schema":{"@context":"https:\/\/schema.org","@graph":[{"@type":"WebPage","@id":"https:\/\/www.campingparis.fr\/es\/mercados-navidad-paris\/","url":"https:\/\/www.campingparis.fr\/es\/mercados-navidad-paris\/","name":"Los 5 mercados navide\u00f1os m\u00e1s bonitos de Par\u00eds","isPartOf":{"@id":"https:\/\/www.campingparis.fr\/es\/#website"},"primaryImageOfPage":{"@id":"https:\/\/www.campingparis.fr\/es\/mercados-navidad-paris\/#primaryimage"},"image":{"@id":"https:\/\/www.campingparis.fr\/es\/mercados-navidad-paris\/#primaryimage"},"thumbnailUrl":"https:\/\/www.campingparis.fr\/uploads\/sites\/11\/2024\/10\/marche-de-noel-nuit-paris.jpeg","datePublished":"2024-10-25T07:58:44+00:00","dateModified":"2025-10-21T08:55:42+00:00","description":"Descubra los mercados navide\u00f1os m\u00e1s bonitos de Par\u00eds. Sum\u00e9rjase en un ambiente festivo y aut\u00e9ntico, ideal para preparar las fiestas en familia, mientras disfruta de un alojamiento a las afueras de Par\u00eds.","breadcrumb":{"@id":"https:\/\/www.campingparis.fr\/es\/mercados-navidad-paris\/#breadcrumb"},"inLanguage":"es","potentialAction":[{"@type":"ReadAction","target":["https:\/\/www.campingparis.fr\/es\/mercados-navidad-paris\/"]}]},{"@type":"ImageObject","inLanguage":"es","@id":"https:\/\/www.campingparis.fr\/es\/mercados-navidad-paris\/#primaryimage","url":"https:\/\/www.campingparis.fr\/uploads\/sites\/11\/2024\/10\/marche-de-noel-nuit-paris.jpeg","contentUrl":"https:\/\/www.campingparis.fr\/uploads\/sites\/11\/2024\/10\/marche-de-noel-nuit-paris.jpeg","width":600,"height":500,"caption":"March\u00e9 de No\u00ebl nocturne."},{"@type":"BreadcrumbList","@id":"https:\/\/www.campingparis.fr\/es\/mercados-navidad-paris\/#breadcrumb","itemListElement":[{"@type":"ListItem","position":1,"name":"Accueil","item":"https:\/\/www.campingparis.fr\/es\/"},{"@type":"ListItem","position":2,"name":"Mercados de Navidad de Par\u00eds"}]},{"@type":"WebSite","@id":"https:\/\/www.campingparis.fr\/es\/#website","url":"https:\/\/www.campingparis.fr\/es\/","name":"Camping de Paris","description":"Un site utilisant Citykamp","potentialAction":[{"@type":"SearchAction","target":{"@type":"EntryPoint","urlTemplate":"https:\/\/www.campingparis.fr\/es\/?s={search_term_string}"},"query-input":{"@type":"PropertyValueSpecification","valueRequired":true,"valueName":"search_term_string"}}],"inLanguage":"es"}]}},"_links":{"self":[{"href":"https:\/\/www.campingparis.fr\/es\/wp-json\/wp\/v2\/pages\/7990","targetHints":{"allow":["GET"]}}],"collection":[{"href":"https:\/\/www.campingparis.fr\/es\/wp-json\/wp\/v2\/pages"}],"about":[{"href":"https:\/\/www.campingparis.fr\/es\/wp-json\/wp\/v2\/types\/page"}],"author":[{"embeddable":true,"href":"https:\/\/www.campingparis.fr\/es\/wp-json\/wp\/v2\/users\/48"}],"replies":[{"embeddable":true,"href":"https:\/\/www.campingparis.fr\/es\/wp-json\/wp\/v2\/comments?post=7990"}],"version-history":[{"count":3,"href":"https:\/\/www.campingparis.fr\/es\/wp-json\/wp\/v2\/pages\/7990\/revisions"}],"predecessor-version":[{"id":8376,"href":"https:\/\/www.campingparis.fr\/es\/wp-json\/wp\/v2\/pages\/7990\/revisions\/8376"}],"wp:featuredmedia":[{"embeddable":true,"href":"https:\/\/www.campingparis.fr\/es\/wp-json\/wp\/v2\/media\/7945"}],"wp:attachment":[{"href":"https:\/\/www.campingparis.fr\/es\/wp-json\/wp\/v2\/media?parent=7990"}],"curies":[{"name":"wp","href":"https:\/\/api.w.org\/{rel}","templated":true}]}}