{"id":5729,"date":"2022-02-08T11:44:50","date_gmt":"2022-02-08T10:44:50","guid":{"rendered":"https:\/\/www.campingparis.fr\/?page_id=5729"},"modified":"2026-04-22T11:37:41","modified_gmt":"2026-04-22T09:37:41","slug":"mon-sejour","status":"publish","type":"page","link":"https:\/\/www.campingparis.fr\/it\/mon-sejour\/","title":{"rendered":"Mon s\u00e9jour"},"content":{"rendered":"<div class=\"wpb-content-wrapper\"><p>[vc_row css=&#8221;.vc_custom_1704706311448{background-color: rgba(232,78,27,0.2) !important;*background-color: rgb(232,78,27) !important;}&#8221;][vc_column]<div class=\"wrappedcontent\">[vc_empty_space height=&#8221;40px&#8221;][vc_column_text]<\/p>\n<h1 style=\"text-align: center;\"><span style=\"font-size: 24pt;\"><strong>TUTTE LE INFORMAZIONI PRATICHE<br \/>\nPRIMA DEL TUO SOGGIORNO<\/strong><\/span><\/h1>\n<p>[\/vc_column_text]<\/div>[\/vc_column][\/vc_row][vc_row][vc_column]<div class=\"wrappedcontent\">[vc_row_inner equal_height=&#8221;yes&#8221; gap=&#8221;35&#8243; css=&#8221;.vc_custom_1644315875476{margin-left: 0px !important;}&#8221;][vc_column_inner width=&#8221;1\/2&#8243;][vc_single_image image=&#8221;7654&#8243; img_size=&#8221;71*71&#8243; alignment=&#8221;center&#8221;][vc_empty_space height=&#8221;35px&#8221;][vc_column_text]<\/p>\n<h2 style=\"text-align: center;\"><strong><span style=\"color: #e94e1b;\"><span style=\"font-size: 26.6667px;\">Il mio soggiorno<br \/>\nin piazzola<\/span><\/span><\/strong><\/h2>\n<p>[\/vc_column_text][vc_empty_space height=&#8221;35px&#8221;][vc_column_text css=&#8221;&#8221;]<\/p>\n<p style=\"text-align: left;\"><span style=\"font-size: 14pt;\">Nel mio<strong> FORFAIT CAMPING<\/strong> sono inclusi : <\/span><\/p>\n<ul>\n<li>2 persone<\/li>\n<li>1 attrezzatura (tenda o caravan<\/li>\n<li>1 veicolo (1 automobile o moto) OPPURE 1 camper\/van (lunghezza massima 8,5 metri)<\/li>\n<li>Area di servizio per camper<\/li>\n<li>Wifi<\/li>\n<\/ul>\n<p><em><span style=\"font-size: 12pt;\">Con supplemento :<\/span><\/em><\/p>\n<ul>\n<li>Elettricit\u00e0<\/li>\n<li>Collegamento elettrico<\/li>\n<li>Fino a 6 persone (adulti, bambini e beb\u00e8) per piazzola<\/li>\n<li>1 solo animale da compagnia<\/li>\n<li>1 piccola tenda supplementare (2 m x 2 m)<\/li>\n<li>Spese di preferenza (scegli il numero della tua piazzola)<\/li>\n<\/ul>\n<p>&nbsp;<\/p>\n<p><span style=\"font-size: 14pt;\"><strong>Modalit\u00e0 di pagamento<\/strong><\/span><\/p>\n<ul>\n<li>A partire da <em>3 notti<\/em>: Acconto del 40% al momento della prenotazione, saldo da versare un mese prima dell\u2019arrivo.<br \/>\nPer <em>1 o 2 notti<\/em>: 100% dell\u2019importo totale del soggiorno da versare al momento della prenotazione.<\/li>\n<\/ul>\n<p><strong>Modifica<\/strong>: fino a 30 giorni precedenti alla data di arrivo con spese pari a 50 \u20ac.<br \/>\n<strong>Cancellazione<\/strong>: fino a 30 giorni con spese di prenotazione: acconto del 40% del costo totale del soggiorno + polizza assicurativa + spese di prenotazione. Dopo il 30 dicembre, il soggiorno non \u00e8 rimborsabile.<\/p>\n<p>&nbsp;<\/p>\n<p><span style=\"font-size: 14pt;\"><strong>Orari di arrivo e di partenza<\/strong><\/span><\/p>\n<ul>\n<li>Orario di arrivo: 14:00<\/li>\n<li>Orario di partenza: 12:00<\/li>\n<\/ul>\n<p>[\/vc_column_text][\/vc_column_inner][vc_column_inner width=&#8221;1\/2&#8243;][vc_single_image image=&#8221;7660&#8243; img_size=&#8221;71*71&#8243; alignment=&#8221;center&#8221;][vc_empty_space height=&#8221;35px&#8221;][vc_column_text]<\/p>\n<h2 style=\"text-align: center;\"><strong><span style=\"color: #e94e1b;\"><span style=\"font-size: 26.6667px;\">Il mio soggiorno<br \/>\nin alloggio<\/span><\/span><\/strong><\/h2>\n<p>[\/vc_column_text][vc_empty_space height=&#8221;35px&#8221;][vc_column_text css=&#8221;&#8221;]<span style=\"font-size: 14pt;\">Nel mio <strong>ALLOGGIO<\/strong> sono inclusi: <\/span><\/p>\n<ul>\n<li>Lenzuola e asciugamani<\/li>\n<li>Kit di pulizia (spugna, detersivo per piatti, detergente multiuso)<\/li>\n<li>TV* e Wifi<\/li>\n<li>Elettricit\u00e0<\/li>\n<li>1 veicolo (auto o mini van)<\/li>\n<\/ul>\n<p><em><span style=\"font-size: 12pt;\">Con supplemento:<\/span><\/em><\/p>\n<ul>\n<li>1 solo animale da compagnia<\/li>\n<li>Forfait pulizia di fine soggiorno<\/li>\n<li>Spese di preferenza (scegli il numero del tuo alloggio)<\/li>\n<\/ul>\n<p>&nbsp;<\/p>\n<p><span style=\"font-size: 14pt;\"><strong>Modalit\u00e0 di pagamento<\/strong><\/span><\/p>\n<ul>\n<li>Acconto del 40% alla prenotazione, con pagamento del saldo un mese prima dell\u2019arrivo.<\/li>\n<\/ul>\n<p><strong>Modifica<\/strong>: fino a <em>30 giorni<\/em> precedenti alla data di arrivo con spese pari a 50 \u20ac.<br \/>\n<strong>Cancellazione<\/strong>: fino a <em>30 giorni<\/em> con spese di prenotazione: acconto del 40% del costo totale del soggiorno + polizza assicurativa + spese di prenotazione. Dopo D-<em>30<\/em>, il soggiorno non \u00e8 rimborsabile.<\/p>\n<p>&nbsp;<\/p>\n<p><span style=\"font-size: 14pt;\"><strong>Orari di arrivo e di partenza<\/strong><\/span><\/p>\n<ul>\n<li>Orario di arrivo: 15:00<\/li>\n<li>Orario di partenza: 10:00<\/li>\n<\/ul>\n<p><em>*eccetto nelle Le tende Tela &amp; Legno<\/em>[\/vc_column_text][\/vc_column_inner][\/vc_row_inner][vc_column_text]<em><span style=\"font-size: 10pt;\">\u00a0Per la tranquillit\u00e0 dei nostri siti, solo un veicolo \u00e8 autorizzato a parcheggiare all\u2019interno del campeggio (nel parcheggio o nella piazzola). Tutti i veicoli aggiuntivi devono parcheggiare all\u2019esterno.<\/span><\/em>[\/vc_column_text]<\/div>[\/vc_column][\/vc_row][vc_row css=&#8221;.vc_custom_1704729054321{background-color: rgba(232,78,27,0.2) !important;*background-color: rgb(232,78,27) !important;}&#8221;][vc_column]<div class=\"wrappedcontent\">[vc_column_text]<\/p>\n<p style=\"text-align: center;\"><span style=\"color: #000000; font-size: 18pt;\"><strong>IN CASO DI ARRIVO TARDIVO<\/strong><\/span><\/p>\n<div class=\"ewa-rteLine\" style=\"text-align: center;\"><span style=\"font-size: 12pt;\">Il personale notturno ti aspetter\u00e0 per darti il benvenuto.<br \/>\nLa clientela in arrivo potr\u00e0 chiamare il nostro staff attraverso il citofono.<\/span><\/div>\n<div class=\"ewa-rteLine\" style=\"text-align: center;\">\n<p><span style=\"font-size: 12pt;\"><em>I periodi coperti dal servizio:<\/em><\/span><\/p>\n<\/div>\n<div>&#8211; Dal <strong>28 giugno al 1o settembre<\/strong> e durante i <strong>ponti del mese di maggio<\/strong>, servizio attivo per tutti gli arrivi dopo le 23.<br \/>\n&#8211; Il <strong>resto dell\u2019anno<\/strong>, per tutti gli arrivi dopo le 21.<\/div>\n<p>[\/vc_column_text]<\/div>[\/vc_column][\/vc_row][vc_row][vc_column]<div class=\"wrappedcontent\">[vc_column_text]<\/p>\n<p style=\"text-align: center;\"><span style=\"font-size: 18pt; color: #e94e1b;\"><strong>SERVIZI SUPPLEMENTARI<\/strong><\/span><\/p>\n<p>[\/vc_column_text][vc_empty_space height=&#8221;35px&#8221;][vc_row_inner][vc_column_inner width=&#8221;1\/5&#8243;][vc_single_image image=&#8221;6799&#8243; img_size=&#8221;71*71&#8243; alignment=&#8221;center&#8221;][vc_empty_space][vc_column_text]<\/p>\n<p style=\"text-align: center;\"><strong>Opzione letti fatti all\u2019arrivo<\/strong><\/p>\n<p>[\/vc_column_text][\/vc_column_inner][vc_column_inner width=&#8221;1\/5&#8243;][vc_single_image image=&#8221;8156&#8243; img_size=&#8221;71*71&#8243; alignment=&#8221;center&#8221; css=&#8221;&#8221;][vc_empty_space][vc_column_text css=&#8221;&#8221;]<\/p>\n<p style=\"text-align: center;\"><strong>Noleggio di barbecue\u00a0<\/strong><\/p>\n<p>[\/vc_column_text][\/vc_column_inner][vc_column_inner width=&#8221;1\/5&#8243;][vc_single_image image=&#8221;7744&#8243; img_size=&#8221;71*71&#8243; alignment=&#8221;center&#8221;][vc_empty_space][vc_column_text]<\/p>\n<p style=\"text-align: center;\"><strong>Kit neonato <\/strong><br \/>\n<strong>(letto pieghevole + sedia alta)<\/strong><\/p>\n<p>[\/vc_column_text][\/vc_column_inner][vc_column_inner width=&#8221;1\/5&#8243;][vc_single_image image=&#8221;7750&#8243; img_size=&#8221;71*71&#8243; alignment=&#8221;center&#8221;][vc_empty_space][vc_column_text]<\/p>\n<p style=\"text-align: center;\"><strong>Lavanderia<\/strong><\/p>\n<p>[\/vc_column_text][\/vc_column_inner][vc_column_inner width=&#8221;1\/5&#8243;][vc_single_image image=&#8221;7756&#8243; img_size=&#8221;71*71&#8243; alignment=&#8221;center&#8221;][vc_empty_space][vc_column_text]<\/p>\n<p style=\"text-align: center;\"><strong>Forfait pulizia<\/strong><\/p>\n<p>[\/vc_column_text][\/vc_column_inner][\/vc_row_inner][vc_empty_space height=&#8221;35px&#8221;]<div class=\"text-center btnwrap\"><a class=\"btn btn-huttopia-cta\" href=\"http:\/\/checkout.citykamp.com\/site\/it\/890\" role=\"button\" target=\"\" onclick=\"dataLayer.push({'event':'clickCity', 'clickText':'Prenotare il tuo soggiorno'})\">Prenotare il tuo soggiorno<\/a><\/div><\/div>[\/vc_column][\/vc_row][vc_row css=&#8221;.vc_custom_1704892988087{background-color: rgba(232,78,27,0.2) !important;*background-color: rgb(232,78,27) !important;}&#8221;][vc_column]<div class=\"wrappedcontent\">[vc_row_inner equal_height=&#8221;yes&#8221; gap=&#8221;35&#8243;][vc_column_inner width=&#8221;1\/3&#8243;][vc_masonry_media_grid element_width=&#8221;12&#8243; gap=&#8221;0&#8243; grid_id=&#8221;vc_gid:1776850650473-11819b8a-94c2-2&#8243; include=&#8221;5713&#8243;][\/vc_column_inner][vc_column_inner width=&#8221;2\/3&#8243;][vc_column_text]<span style=\"color: #000000;\"><strong><span style=\"font-size: 16pt;\">GLI ANIMALI SONO I BENVENUTI!<\/span><\/strong><\/span><\/p>\n<p><span style=\"font-size: 14pt;\">Accettiamo un animale da compagnia per singola piazzola oppure per alloggio.<br \/>\nDeve essere tenuto al guinzaglio e vaccinato.<\/span>[\/vc_column_text][\/vc_column_inner][\/vc_row_inner]<\/div>[\/vc_column][\/vc_row][vc_row][vc_column]<div class=\"wrappedcontent\">[vc_row_inner equal_height=&#8221;yes&#8221; gap=&#8221;35&#8243; css=&#8221;.vc_custom_1644317979794{margin-left: 0px !important;}&#8221;][vc_column_inner width=&#8221;1\/3&#8243;][vc_masonry_media_grid element_width=&#8221;12&#8243; gap=&#8221;0&#8243; grid_id=&#8221;vc_gid:1776850650474-361bac43-5908-0&#8243; include=&#8221;6513&#8243;][\/vc_column_inner][vc_column_inner width=&#8221;2\/3&#8243;][vc_column_text css=&#8221;&#8221;]<\/p>\n<h2><span style=\"color: #e94e1b;\">CAMPING CARD<\/span><\/h2>\n<p><span style=\"font-size: 12pt;\">Campeggia a partire da <span style=\"color: #e84e1b;\"><strong>15\u20ac<\/strong><\/span>* a notte con la <span style=\"color: #e94e1b;\"><a style=\"color: #e94e1b;\" href=\"https:\/\/www.citykamp.com\/it\/camping-card\/\"><span style=\"text-decoration: underline;\">Camping Card<\/span><\/a><\/span>\u00a0Huttopia.<\/span><br \/>\n<span style=\"font-size: 12pt;\">Beneficia di prezzi scontati e di notti gratuite nella bassa stagione in tutti i campings <span style=\"text-decoration: underline;\"><span style=\"color: #e94e1b; text-decoration: underline;\"><a style=\"color: #e94e1b; text-decoration: underline;\" href=\"https:\/\/www.citykamp.com\/it\/destinazioni\/\">Citykamp<\/a><\/span><\/span>, <span style=\"text-decoration: underline; color: #e94e1b;\"><a style=\"color: #e94e1b; text-decoration: underline;\" href=\"https:\/\/www.onlycamp.fr\/en\/\">Onlycamp<\/a><\/span> e in tutti i <span style=\"text-decoration: underline; color: #e94e1b;\"><a style=\"color: #e94e1b; text-decoration: underline;\" href=\"https:\/\/europe.huttopia.com\/it\/destinations\/campings\/\">campings Huttopia<\/a><\/span>.<\/span><\/p>\n<p><em><span style=\"font-size: 10pt;\">*Tariffa che include 1 piazzola per 2 persone con elettricit\u00e0 (+ possibilit\u00e0 di portare un animale da compagnia gratuitamente)<\/span><\/em>[\/vc_column_text][vc_empty_space]<div class=\" btnwrap\"><a class=\"btn btn-huttopia-cta\" href=\"https:\/\/www.citykamp.com\/it\/camping-card\/\" role=\"button\" target=\"true\" onclick=\"dataLayer.push({'event':'clickCity', 'clickText':'NE APPROFITTO'})\">NE APPROFITTO<\/a><\/div>[\/vc_column_inner][\/vc_row_inner]<\/div>[\/vc_column][\/vc_row][vc_row css=&#8221;.vc_custom_1704895871002{background-color: rgba(232,78,27,0.2) !important;*background-color: rgb(232,78,27) !important;}&#8221;][vc_column]<div class=\"wrappedcontent\">[vc_row_inner][vc_column_inner width=&#8221;1\/3&#8243;][vc_single_image image=&#8221;7769&#8243; img_size=&#8221;71*71&#8243; alignment=&#8221;center&#8221;][vc_empty_space][vc_column_text css=&#8221;&#8221;]<\/p>\n<p style=\"text-align: center;\"><span style=\"font-size: 14pt; color: #000000;\"><strong>COSTI DI PRENOTAZIONE<\/strong><\/span><\/p>\n<p style=\"text-align: center;\"><strong>Piazzole: <\/strong>26 \u20ac dal 19\/04 al 27\/09, poi gratuite fuori da queste date.<strong><br \/>\nAlloggi:<\/strong> 26\u20ac tutto l&#8217;anno.<\/p>\n<p>[\/vc_column_text][\/vc_column_inner][vc_column_inner width=&#8221;1\/3&#8243;][vc_single_image image=&#8221;7137&#8243; img_size=&#8221;71*71&#8243; alignment=&#8221;center&#8221;][vc_empty_space][vc_column_text css=&#8221;&#8221;]<\/p>\n<p style=\"text-align: center;\"><span style=\"font-size: 14pt; color: #000000;\"><strong>ASSICURAZIONE CANCELLAZIONE<\/strong><\/span><\/p>\n<p style=\"text-align: center;\">Assicurazione cancellazione e interruzione del soggiorno<br \/>\n5% dell\u2019importo totale del soggiorno (escluse spese di istruttoria e tassa di soggiorno).<\/p>\n<p>[\/vc_column_text][\/vc_column_inner][vc_column_inner width=&#8221;1\/3&#8243;][vc_single_image image=&#8221;6805&#8243; img_size=&#8221;71*71&#8243; alignment=&#8221;center&#8221;][vc_empty_space][vc_column_text]<\/p>\n<p style=\"text-align: center;\"><span style=\"font-size: 14pt; color: #000000;\"><strong>TARIFFE ANNESSE<\/strong><\/span><\/p>\n<p style=\"text-align: center;\"><span style=\"color: #000000;\"><a style=\"color: #000000;\" href=\"https:\/\/media.huttopia.com\/tarifs-annexes-citykamp-en.pdf\" target=\"_blank\" rel=\"noopener noreferrer\"><u>Consultare le tariffe annesse<\/u><\/a><\/span><\/p>\n<p>[\/vc_column_text][\/vc_column_inner][\/vc_row_inner]<\/div>[\/vc_column][\/vc_row]<\/p>\n<\/div>","protected":false},"excerpt":{"rendered":"<p>[vc_row css=&#8221;.vc_custom_1704706311448{background-color: rgba(232,78,27,0.2) !important;*background-color: rgb(232,78,27) !important;}&#8221;][vc_column][\/vc_column][\/vc_row][vc_row][vc_column][\/vc_column][\/vc_row][vc_row css=&#8221;.vc_custom_1704729054321{background-color: rgba(232,78,27,0.2) !important;*background-color: rgb(232,78,27) !important;}&#8221;][vc_column][\/vc_column][\/vc_row][vc_row][vc_column][\/vc_column][\/vc_row][vc_row css=&#8221;.vc_custom_1704892988087{background-color: rgba(232,78,27,0.2) !important;*background-color: rgb(232,78,27) !important;}&#8221;][vc_column][\/vc_column][\/vc_row][vc_row][vc_column][\/vc_column][\/vc_row][vc_row css=&#8221;.vc_custom_1704895871002{background-color: rgba(232,78,27,0.2) !important;*background-color: rgb(232,78,27) !important;}&#8221;][vc_column][\/vc_column][\/vc_row]<\/p>\n","protected":false},"author":1,"featured_media":0,"parent":0,"menu_order":0,"comment_status":"closed","ping_status":"closed","template":"","meta":{"footnotes":""},"class_list":["post-5729","page","type-page","status-publish","hentry"],"yoast_head":"<!-- This site is optimized with the Yoast SEO plugin v25.6 - https:\/\/yoast.com\/wordpress\/plugins\/seo\/ -->\n<title>Informations pratiques sur votre s\u00e9jour au Camping de Paris<\/title>\n<meta name=\"description\" content=\"Toutes les informations pratiques avant votre s\u00e9jour au Camping de Paris : ce qui est inclus, modalit\u00e9s de r\u00e8glement.\" \/>\n<meta name=\"robots\" content=\"index, follow, max-snippet:-1, max-image-preview:large, max-video-preview:-1\" \/>\n<link rel=\"canonical\" href=\"https:\/\/www.campingparis.fr\/it\/mon-sejour\/\" \/>\n<meta property=\"og:locale\" content=\"it_IT\" \/>\n<meta property=\"og:type\" content=\"article\" \/>\n<meta property=\"og:title\" content=\"Informations pratiques sur votre s\u00e9jour au Camping de Paris\" \/>\n<meta property=\"og:description\" content=\"Toutes les informations pratiques avant votre s\u00e9jour au Camping de Paris : ce qui est inclus, modalit\u00e9s de r\u00e8glement.\" \/>\n<meta property=\"og:url\" content=\"https:\/\/www.campingparis.fr\/it\/mon-sejour\/\" \/>\n<meta property=\"og:site_name\" content=\"Camping de Paris\" \/>\n<meta property=\"article:modified_time\" content=\"2026-04-22T09:37:41+00:00\" \/>\n<meta name=\"twitter:card\" content=\"summary_large_image\" \/>\n<meta name=\"twitter:label1\" content=\"Est. reading time\" \/>\n\t<meta name=\"twitter:data1\" content=\"5 minuti\" \/>\n<script type=\"application\/ld+json\" class=\"yoast-schema-graph\">{\"@context\":\"https:\/\/schema.org\",\"@graph\":[{\"@type\":\"WebPage\",\"@id\":\"https:\/\/www.campingparis.fr\/it\/mon-sejour\/\",\"url\":\"https:\/\/www.campingparis.fr\/it\/mon-sejour\/\",\"name\":\"Informations pratiques sur votre s\u00e9jour au Camping de Paris\",\"isPartOf\":{\"@id\":\"https:\/\/www.campingparis.fr\/it\/#website\"},\"datePublished\":\"2022-02-08T10:44:50+00:00\",\"dateModified\":\"2026-04-22T09:37:41+00:00\",\"description\":\"Toutes les informations pratiques avant votre s\u00e9jour au Camping de Paris : ce qui est inclus, modalit\u00e9s de r\u00e8glement.\",\"breadcrumb\":{\"@id\":\"https:\/\/www.campingparis.fr\/it\/mon-sejour\/#breadcrumb\"},\"inLanguage\":\"it-IT\",\"potentialAction\":[{\"@type\":\"ReadAction\",\"target\":[\"https:\/\/www.campingparis.fr\/it\/mon-sejour\/\"]}]},{\"@type\":\"BreadcrumbList\",\"@id\":\"https:\/\/www.campingparis.fr\/it\/mon-sejour\/#breadcrumb\",\"itemListElement\":[{\"@type\":\"ListItem\",\"position\":1,\"name\":\"Accueil\",\"item\":\"https:\/\/www.campingparis.fr\/it\/\"},{\"@type\":\"ListItem\",\"position\":2,\"name\":\"Mon s\u00e9jour\"}]},{\"@type\":\"WebSite\",\"@id\":\"https:\/\/www.campingparis.fr\/it\/#website\",\"url\":\"https:\/\/www.campingparis.fr\/it\/\",\"name\":\"Camping de Paris\",\"description\":\"Un site utilisant Citykamp\",\"potentialAction\":[{\"@type\":\"SearchAction\",\"target\":{\"@type\":\"EntryPoint\",\"urlTemplate\":\"https:\/\/www.campingparis.fr\/it\/?s={search_term_string}\"},\"query-input\":{\"@type\":\"PropertyValueSpecification\",\"valueRequired\":true,\"valueName\":\"search_term_string\"}}],\"inLanguage\":\"it-IT\"}]}<\/script>\n<!-- \/ Yoast SEO plugin. -->","yoast_head_json":{"title":"Informations pratiques sur votre s\u00e9jour au Camping de Paris","description":"Toutes les informations pratiques avant votre s\u00e9jour au Camping de Paris : ce qui est inclus, modalit\u00e9s de r\u00e8glement.","robots":{"index":"index","follow":"follow","max-snippet":"max-snippet:-1","max-image-preview":"max-image-preview:large","max-video-preview":"max-video-preview:-1"},"canonical":"https:\/\/www.campingparis.fr\/it\/mon-sejour\/","og_locale":"it_IT","og_type":"article","og_title":"Informations pratiques sur votre s\u00e9jour au Camping de Paris","og_description":"Toutes les informations pratiques avant votre s\u00e9jour au Camping de Paris : ce qui est inclus, modalit\u00e9s de r\u00e8glement.","og_url":"https:\/\/www.campingparis.fr\/it\/mon-sejour\/","og_site_name":"Camping de Paris","article_modified_time":"2026-04-22T09:37:41+00:00","twitter_card":"summary_large_image","twitter_misc":{"Est. reading time":"5 minuti"},"schema":{"@context":"https:\/\/schema.org","@graph":[{"@type":"WebPage","@id":"https:\/\/www.campingparis.fr\/it\/mon-sejour\/","url":"https:\/\/www.campingparis.fr\/it\/mon-sejour\/","name":"Informations pratiques sur votre s\u00e9jour au Camping de Paris","isPartOf":{"@id":"https:\/\/www.campingparis.fr\/it\/#website"},"datePublished":"2022-02-08T10:44:50+00:00","dateModified":"2026-04-22T09:37:41+00:00","description":"Toutes les informations pratiques avant votre s\u00e9jour au Camping de Paris : ce qui est inclus, modalit\u00e9s de r\u00e8glement.","breadcrumb":{"@id":"https:\/\/www.campingparis.fr\/it\/mon-sejour\/#breadcrumb"},"inLanguage":"it-IT","potentialAction":[{"@type":"ReadAction","target":["https:\/\/www.campingparis.fr\/it\/mon-sejour\/"]}]},{"@type":"BreadcrumbList","@id":"https:\/\/www.campingparis.fr\/it\/mon-sejour\/#breadcrumb","itemListElement":[{"@type":"ListItem","position":1,"name":"Accueil","item":"https:\/\/www.campingparis.fr\/it\/"},{"@type":"ListItem","position":2,"name":"Mon s\u00e9jour"}]},{"@type":"WebSite","@id":"https:\/\/www.campingparis.fr\/it\/#website","url":"https:\/\/www.campingparis.fr\/it\/","name":"Camping de Paris","description":"Un site utilisant Citykamp","potentialAction":[{"@type":"SearchAction","target":{"@type":"EntryPoint","urlTemplate":"https:\/\/www.campingparis.fr\/it\/?s={search_term_string}"},"query-input":{"@type":"PropertyValueSpecification","valueRequired":true,"valueName":"search_term_string"}}],"inLanguage":"it-IT"}]}},"_links":{"self":[{"href":"https:\/\/www.campingparis.fr\/it\/wp-json\/wp\/v2\/pages\/5729","targetHints":{"allow":["GET"]}}],"collection":[{"href":"https:\/\/www.campingparis.fr\/it\/wp-json\/wp\/v2\/pages"}],"about":[{"href":"https:\/\/www.campingparis.fr\/it\/wp-json\/wp\/v2\/types\/page"}],"author":[{"embeddable":true,"href":"https:\/\/www.campingparis.fr\/it\/wp-json\/wp\/v2\/users\/1"}],"replies":[{"embeddable":true,"href":"https:\/\/www.campingparis.fr\/it\/wp-json\/wp\/v2\/comments?post=5729"}],"version-history":[{"count":6,"href":"https:\/\/www.campingparis.fr\/it\/wp-json\/wp\/v2\/pages\/5729\/revisions"}],"predecessor-version":[{"id":8575,"href":"https:\/\/www.campingparis.fr\/it\/wp-json\/wp\/v2\/pages\/5729\/revisions\/8575"}],"wp:attachment":[{"href":"https:\/\/www.campingparis.fr\/it\/wp-json\/wp\/v2\/media?parent=5729"}],"curies":[{"name":"wp","href":"https:\/\/api.w.org\/{rel}","templated":true}]}}